{"id":239,"date":"2019-12-03T12:11:52","date_gmt":"2019-12-03T12:11:52","guid":{"rendered":"http:\/\/ma-weddingstudio.pl\/?page_id=239"},"modified":"2023-09-01T18:55:08","modified_gmt":"2023-09-01T18:55:08","slug":"blog","status":"publish","type":"page","link":"https:\/\/ma-weddingstudio.pl\/index.php\/blog\/","title":{"rendered":"Blog"},"content":{"rendered":"\t\t<div data-elementor-type=\"wp-page\" data-elementor-id=\"239\" class=\"elementor elementor-239\" data-elementor-settings=\"[]\">\n\t\t\t\t\t\t<div class=\"elementor-inner\">\n\t\t\t\t\t\t\t<div class=\"elementor-section-wrap\">\n\t\t\t\t\t\t\t<section class=\"elementor-section elementor-top-section elementor-element elementor-element-fd1534f elementor-section-stretched elementor-section-height-min-height elementor-section-boxed elementor-section-height-default elementor-section-items-middle\" data-id=\"fd1534f\" data-element_type=\"section\" data-settings=\"{&quot;stretch_section&quot;:&quot;section-stretched&quot;,&quot;background_background&quot;:&quot;classic&quot;}\">\n\t\t\t\t\t\t\t<div class=\"elementor-background-overlay\"><\/div>\n\t\t\t\t\t\t\t<div class=\"elementor-container elementor-column-gap-default\">\n\t\t\t\t\t\t\t<div class=\"elementor-row\">\n\t\t\t\t\t<div class=\"elementor-column elementor-col-100 elementor-top-column elementor-element elementor-element-d1ae155\" data-id=\"d1ae155\" data-element_type=\"column\">\n\t\t\t<div class=\"elementor-column-wrap elementor-element-populated\">\n\t\t\t\t\t\t\t<div class=\"elementor-widget-wrap\">\n\t\t\t\t\t\t<div class=\"elementor-element elementor-element-969a457 elementor-widget elementor-widget-heading\" data-id=\"969a457\" data-element_type=\"widget\" data-widget_type=\"heading.default\">\n\t\t\t\t<div class=\"elementor-widget-container\">\n\t\t\t<h1 class=\"elementor-heading-title elementor-size-default\">Blog<\/h1>\t\t<\/div>\n\t\t\t\t<\/div>\n\t\t\t\t\t\t<\/div>\n\t\t\t\t\t<\/div>\n\t\t<\/div>\n\t\t\t\t\t\t\t\t<\/div>\n\t\t\t\t\t<\/div>\n\t\t<\/section>\n\t\t\t\t<section class=\"elementor-section elementor-top-section elementor-element elementor-element-f31d9ed elementor-section-boxed elementor-section-height-default elementor-section-height-default\" data-id=\"f31d9ed\" data-element_type=\"section\">\n\t\t\t\t\t\t<div class=\"elementor-container elementor-column-gap-default\">\n\t\t\t\t\t\t\t<div class=\"elementor-row\">\n\t\t\t\t\t<div class=\"elementor-column elementor-col-100 elementor-top-column elementor-element elementor-element-03bde97\" data-id=\"03bde97\" data-element_type=\"column\">\n\t\t\t<div class=\"elementor-column-wrap elementor-element-populated\">\n\t\t\t\t\t\t\t<div class=\"elementor-widget-wrap\">\n\t\t\t\t\t\t<div class=\"elementor-element elementor-element-84648ce elementor-widget-divider--view-line elementor-widget elementor-widget-divider\" data-id=\"84648ce\" data-element_type=\"widget\" data-widget_type=\"divider.default\">\n\t\t\t\t<div class=\"elementor-widget-container\">\n\t\t\t\t\t<div class=\"elementor-divider\">\n\t\t\t<span class=\"elementor-divider-separator\">\n\t\t\t\t\t\t<\/span>\n\t\t<\/div>\n\t\t\t\t<\/div>\n\t\t\t\t<\/div>\n\t\t\t\t\t\t<\/div>\n\t\t\t\t\t<\/div>\n\t\t<\/div>\n\t\t\t\t\t\t\t\t<\/div>\n\t\t\t\t\t<\/div>\n\t\t<\/section>\n\t\t\t\t<section class=\"elementor-section elementor-top-section elementor-element elementor-element-042dce1 elementor-section-stretched elementor-section-boxed elementor-section-height-default elementor-section-height-default\" data-id=\"042dce1\" data-element_type=\"section\" data-settings=\"{&quot;stretch_section&quot;:&quot;section-stretched&quot;}\">\n\t\t\t\t\t\t<div class=\"elementor-container elementor-column-gap-default\">\n\t\t\t\t\t\t\t<div class=\"elementor-row\">\n\t\t\t\t\t<div class=\"elementor-column elementor-col-33 elementor-top-column elementor-element elementor-element-9325e12\" data-id=\"9325e12\" data-element_type=\"column\">\n\t\t\t<div class=\"elementor-column-wrap elementor-element-populated\">\n\t\t\t\t\t\t\t<div class=\"elementor-widget-wrap\">\n\t\t\t\t\t\t<div class=\"elementor-element elementor-element-f042c44 elementor-widget elementor-widget-image\" data-id=\"f042c44\" data-element_type=\"widget\" data-widget_type=\"image.default\">\n\t\t\t\t<div class=\"elementor-widget-container\">\n\t\t\t\t\t<div class=\"elementor-image\">\n\t\t\t\t\t\t\t\t\t\t\t<a href=\"https:\/\/ma-weddingstudio.pl\/index.php\/wieslaw-agnieszka-plener\">\n\t\t\t\t\t\t\t<img decoding=\"async\" width=\"768\" height=\"768\" src=\"https:\/\/ma-weddingstudio.pl\/wp-content\/uploads\/2020\/12\/S3508387-768x768.jpg\" class=\"elementor-animation-grow attachment-medium_large size-medium_large\" alt=\"\" srcset=\"https:\/\/ma-weddingstudio.pl\/wp-content\/uploads\/2020\/12\/S3508387-768x768.jpg 768w, https:\/\/ma-weddingstudio.pl\/wp-content\/uploads\/2020\/12\/S3508387-150x150.jpg 150w, https:\/\/ma-weddingstudio.pl\/wp-content\/uploads\/2020\/12\/S3508387-300x300.jpg 300w, https:\/\/ma-weddingstudio.pl\/wp-content\/uploads\/2020\/12\/S3508387-1024x1024.jpg 1024w\" sizes=\"(max-width: 768px) 100vw, 768px\" \/>\t\t\t\t\t\t\t\t<\/a>\n\t\t\t\t\t\t\t\t\t\t\t<\/div>\n\t\t\t\t<\/div>\n\t\t\t\t<\/div>\n\t\t\t\t<div class=\"elementor-element elementor-element-8e42f1d elementor-widget elementor-widget-heading\" data-id=\"8e42f1d\" data-element_type=\"widget\" data-widget_type=\"heading.default\">\n\t\t\t\t<div class=\"elementor-widget-container\">\n\t\t\t<h2 class=\"elementor-heading-title elementor-size-default\">Agnieszka & Wies\u0142aw<\/h2>\t\t<\/div>\n\t\t\t\t<\/div>\n\t\t\t\t<div class=\"elementor-element elementor-element-56e4925 elementor-widget elementor-widget-heading\" data-id=\"56e4925\" data-element_type=\"widget\" data-widget_type=\"heading.default\">\n\t\t\t\t<div class=\"elementor-widget-container\">\n\t\t\t<h6 class=\"elementor-heading-title elementor-size-default\"><h2 class=\"elementor-heading-title elementor-size-default elementor-inline-editing pen\" data-elementor-setting-key=\"title\" data-pen-placeholder=\"Pisz tutaj...\" style=\"letter-spacing: normal; text-align: center;\">G\u00f3rski plener na Po\u0142oninie Wetli\u0144skiej<\/h2><\/h6>\t\t<\/div>\n\t\t\t\t<\/div>\n\t\t\t\t<div class=\"elementor-element elementor-element-570c531 elementor-widget elementor-widget-text-editor\" data-id=\"570c531\" data-element_type=\"widget\" data-widget_type=\"text-editor.default\">\n\t\t\t\t<div class=\"elementor-widget-container\">\n\t\t\t\t\t<div class=\"elementor-text-editor elementor-clearfix\"><p>Agnieszka i Wiesiek podobnie jak my uwielbiaj\u0105 G\u00f3ry! Dlatego wsp\u00f3lnie zdecydowali\u015bmy, \u017ce najlepszym miejscem na plener b\u0119dzie Po\u0142onina Wetli\u0144ska. Trzeba przyzna\u0107, \u017ce jesienna aura nie opuszcza\u0142a nas nawet na chwil\u0119, ale pomimo silnego wiatru nasi&#8230;<\/p><\/div>\n\t\t\t\t<\/div>\n\t\t\t\t<\/div>\n\t\t\t\t<div class=\"elementor-element elementor-element-191d243 elementor-button-danger elementor-align-center elementor-widget elementor-widget-button\" data-id=\"191d243\" data-element_type=\"widget\" data-widget_type=\"button.default\">\n\t\t\t\t<div class=\"elementor-widget-container\">\n\t\t\t\t\t<div class=\"elementor-button-wrapper\">\n\t\t\t<a href=\"https:\/\/ma-weddingstudio.pl\/index.php\/wieslaw-agnieszka-plener\" class=\"elementor-button-link elementor-button elementor-size-md\" role=\"button\">\n\t\t\t\t\t\t<span class=\"elementor-button-content-wrapper\">\n\t\t\t\t\t\t<span class=\"elementor-button-text\">Zobacz wi\u0119cej<\/span>\n\t\t<\/span>\n\t\t\t\t\t<\/a>\n\t\t<\/div>\n\t\t\t\t<\/div>\n\t\t\t\t<\/div>\n\t\t\t\t<div class=\"elementor-element elementor-element-b17c05f elementor-widget-divider--view-line elementor-widget elementor-widget-divider\" data-id=\"b17c05f\" data-element_type=\"widget\" data-widget_type=\"divider.default\">\n\t\t\t\t<div class=\"elementor-widget-container\">\n\t\t\t\t\t<div class=\"elementor-divider\">\n\t\t\t<span class=\"elementor-divider-separator\">\n\t\t\t\t\t\t<\/span>\n\t\t<\/div>\n\t\t\t\t<\/div>\n\t\t\t\t<\/div>\n\t\t\t\t\t\t<\/div>\n\t\t\t\t\t<\/div>\n\t\t<\/div>\n\t\t\t\t<div class=\"elementor-column elementor-col-33 elementor-top-column elementor-element elementor-element-8bd2433\" data-id=\"8bd2433\" data-element_type=\"column\">\n\t\t\t<div class=\"elementor-column-wrap elementor-element-populated\">\n\t\t\t\t\t\t\t<div class=\"elementor-widget-wrap\">\n\t\t\t\t\t\t<div class=\"elementor-element elementor-element-655497d elementor-widget elementor-widget-image\" data-id=\"655497d\" data-element_type=\"widget\" data-widget_type=\"image.default\">\n\t\t\t\t<div class=\"elementor-widget-container\">\n\t\t\t\t\t<div class=\"elementor-image\">\n\t\t\t\t\t\t\t\t\t\t\t<a href=\"https:\/\/ma-weddingstudio.pl\/index.php\/wieslaw-agnieszka\/\">\n\t\t\t\t\t\t\t<img decoding=\"async\" width=\"768\" height=\"768\" src=\"https:\/\/ma-weddingstudio.pl\/wp-content\/uploads\/2020\/12\/S8506767-768x768.jpg\" class=\"elementor-animation-grow attachment-medium_large size-medium_large\" alt=\"\" srcset=\"https:\/\/ma-weddingstudio.pl\/wp-content\/uploads\/2020\/12\/S8506767-768x768.jpg 768w, https:\/\/ma-weddingstudio.pl\/wp-content\/uploads\/2020\/12\/S8506767-150x150.jpg 150w, https:\/\/ma-weddingstudio.pl\/wp-content\/uploads\/2020\/12\/S8506767-300x300.jpg 300w, https:\/\/ma-weddingstudio.pl\/wp-content\/uploads\/2020\/12\/S8506767-1024x1024.jpg 1024w\" sizes=\"(max-width: 768px) 100vw, 768px\" \/>\t\t\t\t\t\t\t\t<\/a>\n\t\t\t\t\t\t\t\t\t\t\t<\/div>\n\t\t\t\t<\/div>\n\t\t\t\t<\/div>\n\t\t\t\t<div class=\"elementor-element elementor-element-4bbe874 elementor-widget elementor-widget-heading\" data-id=\"4bbe874\" data-element_type=\"widget\" data-widget_type=\"heading.default\">\n\t\t\t\t<div class=\"elementor-widget-container\">\n\t\t\t<h2 class=\"elementor-heading-title elementor-size-default\">Agnieszka & Wies\u0142aw<\/h2>\t\t<\/div>\n\t\t\t\t<\/div>\n\t\t\t\t<div class=\"elementor-element elementor-element-545290f elementor-widget elementor-widget-heading\" data-id=\"545290f\" data-element_type=\"widget\" data-widget_type=\"heading.default\">\n\t\t\t\t<div class=\"elementor-widget-container\">\n\t\t\t<h6 class=\"elementor-heading-title elementor-size-default\">pe\u0142ne wra\u017ce\u0144 wesele w jesiennej scenerii<\/h6>\t\t<\/div>\n\t\t\t\t<\/div>\n\t\t\t\t<div class=\"elementor-element elementor-element-45bd2eb elementor-widget elementor-widget-text-editor\" data-id=\"45bd2eb\" data-element_type=\"widget\" data-widget_type=\"text-editor.default\">\n\t\t\t\t<div class=\"elementor-widget-container\">\n\t\t\t\t\t<div class=\"elementor-text-editor elementor-clearfix\"><p>Co to by\u0142o za wesele! Tylu wra\u017ce\u0144 i Atrakcji ju\u017c od dawna nie do\u015bwiadczyli\u015bmy! \ud83d\ude09<br \/>Agnieszka i Wiesiek to para z ogromn\u0105 doz\u0105 humoru i sympatii. Ju\u017c od pierwszych chwil zacz\u0119li\u015bmy &#8222;nadawa\u0107 na jednych falach&#8221;.\u00a0Na swoje wesele wybrali pi\u0119kn\u0105 sal\u0119 w&#8230;<\/p><\/div>\n\t\t\t\t<\/div>\n\t\t\t\t<\/div>\n\t\t\t\t<div class=\"elementor-element elementor-element-b77d5b4 elementor-button-danger elementor-align-center elementor-widget elementor-widget-button\" data-id=\"b77d5b4\" data-element_type=\"widget\" data-widget_type=\"button.default\">\n\t\t\t\t<div class=\"elementor-widget-container\">\n\t\t\t\t\t<div class=\"elementor-button-wrapper\">\n\t\t\t<a href=\"https:\/\/ma-weddingstudio.pl\/index.php\/wieslaw-agnieszka\/\" class=\"elementor-button-link elementor-button elementor-size-md\" role=\"button\">\n\t\t\t\t\t\t<span class=\"elementor-button-content-wrapper\">\n\t\t\t\t\t\t<span class=\"elementor-button-text\">Zobacz wi\u0119cej<\/span>\n\t\t<\/span>\n\t\t\t\t\t<\/a>\n\t\t<\/div>\n\t\t\t\t<\/div>\n\t\t\t\t<\/div>\n\t\t\t\t<div class=\"elementor-element elementor-element-1696d1c elementor-widget-divider--view-line elementor-widget elementor-widget-divider\" data-id=\"1696d1c\" data-element_type=\"widget\" data-widget_type=\"divider.default\">\n\t\t\t\t<div class=\"elementor-widget-container\">\n\t\t\t\t\t<div class=\"elementor-divider\">\n\t\t\t<span class=\"elementor-divider-separator\">\n\t\t\t\t\t\t<\/span>\n\t\t<\/div>\n\t\t\t\t<\/div>\n\t\t\t\t<\/div>\n\t\t\t\t\t\t<\/div>\n\t\t\t\t\t<\/div>\n\t\t<\/div>\n\t\t\t\t<div class=\"elementor-column elementor-col-33 elementor-top-column elementor-element elementor-element-539a197\" data-id=\"539a197\" data-element_type=\"column\">\n\t\t\t<div class=\"elementor-column-wrap elementor-element-populated\">\n\t\t\t\t\t\t\t<div class=\"elementor-widget-wrap\">\n\t\t\t\t\t\t<div class=\"elementor-element elementor-element-4fdef86 elementor-widget elementor-widget-image\" data-id=\"4fdef86\" data-element_type=\"widget\" data-widget_type=\"image.default\">\n\t\t\t\t<div class=\"elementor-widget-container\">\n\t\t\t\t\t<div class=\"elementor-image\">\n\t\t\t\t\t\t\t\t\t\t\t<a href=\"https:\/\/ma-weddingstudio.pl\/index.php\/ewelina-hubert-plener\">\n\t\t\t\t\t\t\t<img decoding=\"async\" width=\"768\" height=\"768\" src=\"https:\/\/ma-weddingstudio.pl\/wp-content\/uploads\/2022\/03\/EH-25.09.2021-571-of-626-768x768.jpg\" class=\"elementor-animation-grow attachment-medium_large size-medium_large\" alt=\"\" srcset=\"https:\/\/ma-weddingstudio.pl\/wp-content\/uploads\/2022\/03\/EH-25.09.2021-571-of-626-768x768.jpg 768w, https:\/\/ma-weddingstudio.pl\/wp-content\/uploads\/2022\/03\/EH-25.09.2021-571-of-626-300x300.jpg 300w, https:\/\/ma-weddingstudio.pl\/wp-content\/uploads\/2022\/03\/EH-25.09.2021-571-of-626-150x150.jpg 150w\" sizes=\"(max-width: 768px) 100vw, 768px\" \/>\t\t\t\t\t\t\t\t<\/a>\n\t\t\t\t\t\t\t\t\t\t\t<\/div>\n\t\t\t\t<\/div>\n\t\t\t\t<\/div>\n\t\t\t\t<div class=\"elementor-element elementor-element-8e00112 elementor-widget elementor-widget-heading\" data-id=\"8e00112\" data-element_type=\"widget\" data-widget_type=\"heading.default\">\n\t\t\t\t<div class=\"elementor-widget-container\">\n\t\t\t<h2 class=\"elementor-heading-title elementor-size-default\">Ewelina & Hubert<\/h2>\t\t<\/div>\n\t\t\t\t<\/div>\n\t\t\t\t<div class=\"elementor-element elementor-element-eb2bea5 elementor-widget elementor-widget-heading\" data-id=\"eb2bea5\" data-element_type=\"widget\" data-widget_type=\"heading.default\">\n\t\t\t\t<div class=\"elementor-widget-container\">\n\t\t\t<h6 class=\"elementor-heading-title elementor-size-default\">Wrze\u015bniowy plener w le\u015bnym g\u0105szczu<\/h6>\t\t<\/div>\n\t\t\t\t<\/div>\n\t\t\t\t<div class=\"elementor-element elementor-element-0b7d1ed elementor-widget elementor-widget-text-editor\" data-id=\"0b7d1ed\" data-element_type=\"widget\" data-widget_type=\"text-editor.default\">\n\t\t\t\t<div class=\"elementor-widget-container\">\n\t\t\t\t\t<div class=\"elementor-text-editor elementor-clearfix\"><p>Ewelina i Hubert podobnie jak my uwielbiaj\u0105 le\u015bne klimaty. W po\u0142\u0105czeniu z blisko\u015bci\u0105 jeziora i przepi\u0119knym krajobrazem pozwoli\u0142o to nam na fantastyczne\u00a0 efekty! Od razu odnale\u017ali si\u0119 w roli modeli, zapominaj\u0105c czasem o ca\u0142ym \u015bwiecie! Bo s\u0105 tym \u015bwiatem&#8230;<\/p><\/div>\n\t\t\t\t<\/div>\n\t\t\t\t<\/div>\n\t\t\t\t<div class=\"elementor-element elementor-element-2d897b9 elementor-button-danger elementor-align-center elementor-widget elementor-widget-button\" data-id=\"2d897b9\" data-element_type=\"widget\" data-widget_type=\"button.default\">\n\t\t\t\t<div class=\"elementor-widget-container\">\n\t\t\t\t\t<div class=\"elementor-button-wrapper\">\n\t\t\t<a href=\"https:\/\/ma-weddingstudio.pl\/index.php\/ewelina-hubert-plener\" class=\"elementor-button-link elementor-button elementor-size-md\" role=\"button\">\n\t\t\t\t\t\t<span class=\"elementor-button-content-wrapper\">\n\t\t\t\t\t\t<span class=\"elementor-button-text\">Zobacz wi\u0119cej<\/span>\n\t\t<\/span>\n\t\t\t\t\t<\/a>\n\t\t<\/div>\n\t\t\t\t<\/div>\n\t\t\t\t<\/div>\n\t\t\t\t<div class=\"elementor-element elementor-element-51ca3ce elementor-widget-divider--view-line elementor-widget elementor-widget-divider\" data-id=\"51ca3ce\" data-element_type=\"widget\" data-widget_type=\"divider.default\">\n\t\t\t\t<div class=\"elementor-widget-container\">\n\t\t\t\t\t<div class=\"elementor-divider\">\n\t\t\t<span class=\"elementor-divider-separator\">\n\t\t\t\t\t\t<\/span>\n\t\t<\/div>\n\t\t\t\t<\/div>\n\t\t\t\t<\/div>\n\t\t\t\t\t\t<\/div>\n\t\t\t\t\t<\/div>\n\t\t<\/div>\n\t\t\t\t\t\t\t\t<\/div>\n\t\t\t\t\t<\/div>\n\t\t<\/section>\n\t\t\t\t<section class=\"elementor-section elementor-top-section elementor-element elementor-element-ecda415 elementor-section-stretched elementor-section-boxed elementor-section-height-default elementor-section-height-default\" data-id=\"ecda415\" data-element_type=\"section\" data-settings=\"{&quot;stretch_section&quot;:&quot;section-stretched&quot;}\">\n\t\t\t\t\t\t<div class=\"elementor-container elementor-column-gap-default\">\n\t\t\t\t\t\t\t<div class=\"elementor-row\">\n\t\t\t\t\t<div class=\"elementor-column elementor-col-33 elementor-top-column elementor-element elementor-element-d0a2379\" data-id=\"d0a2379\" data-element_type=\"column\">\n\t\t\t<div class=\"elementor-column-wrap elementor-element-populated\">\n\t\t\t\t\t\t\t<div class=\"elementor-widget-wrap\">\n\t\t\t\t\t\t<div class=\"elementor-element elementor-element-aa5cde8 elementor-widget elementor-widget-image\" data-id=\"aa5cde8\" data-element_type=\"widget\" data-widget_type=\"image.default\">\n\t\t\t\t<div class=\"elementor-widget-container\">\n\t\t\t\t\t<div class=\"elementor-image\">\n\t\t\t\t\t\t\t\t\t\t\t<a href=\"https:\/\/ma-weddingstudio.pl\/index.php\/ewelina-hubert\/\">\n\t\t\t\t\t\t\t<img decoding=\"async\" width=\"768\" height=\"768\" src=\"https:\/\/ma-weddingstudio.pl\/wp-content\/uploads\/2022\/03\/EH-25.09.2021-382-of-626-768x768.jpg\" class=\"elementor-animation-grow attachment-medium_large size-medium_large\" alt=\"\" srcset=\"https:\/\/ma-weddingstudio.pl\/wp-content\/uploads\/2022\/03\/EH-25.09.2021-382-of-626-768x768.jpg 768w, https:\/\/ma-weddingstudio.pl\/wp-content\/uploads\/2022\/03\/EH-25.09.2021-382-of-626-300x300.jpg 300w, https:\/\/ma-weddingstudio.pl\/wp-content\/uploads\/2022\/03\/EH-25.09.2021-382-of-626-150x150.jpg 150w\" sizes=\"(max-width: 768px) 100vw, 768px\" \/>\t\t\t\t\t\t\t\t<\/a>\n\t\t\t\t\t\t\t\t\t\t\t<\/div>\n\t\t\t\t<\/div>\n\t\t\t\t<\/div>\n\t\t\t\t<div class=\"elementor-element elementor-element-92cffbd elementor-widget elementor-widget-heading\" data-id=\"92cffbd\" data-element_type=\"widget\" data-widget_type=\"heading.default\">\n\t\t\t\t<div class=\"elementor-widget-container\">\n\t\t\t<h2 class=\"elementor-heading-title elementor-size-default\">Ewelina & Hubert<\/h2>\t\t<\/div>\n\t\t\t\t<\/div>\n\t\t\t\t<div class=\"elementor-element elementor-element-ed2acfa elementor-widget elementor-widget-heading\" data-id=\"ed2acfa\" data-element_type=\"widget\" data-widget_type=\"heading.default\">\n\t\t\t\t<div class=\"elementor-widget-container\">\n\t\t\t<h6 class=\"elementor-heading-title elementor-size-default\">Dw\u00f3r Belweder<\/h6>\t\t<\/div>\n\t\t\t\t<\/div>\n\t\t\t\t<div class=\"elementor-element elementor-element-810227f elementor-widget elementor-widget-text-editor\" data-id=\"810227f\" data-element_type=\"widget\" data-widget_type=\"text-editor.default\">\n\t\t\t\t<div class=\"elementor-widget-container\">\n\t\t\t\t\t<div class=\"elementor-text-editor elementor-clearfix\"><p>Ewelina i Hubert to prawdziwe wulkany emocji i energii! Od razu poczuli\u015bmy, \u017ce &#8222;nadajemy na tych samych falach&#8221;. Byli\u015bmy zachwyceni konwencj\u0105 wesela, na jak\u0105 si\u0119 zdecydowali, a dekoracje w odcieniu fioletu do reszty nas zachwyci\u0142y! Ewelina&#8230;<\/p><\/div>\n\t\t\t\t<\/div>\n\t\t\t\t<\/div>\n\t\t\t\t<div class=\"elementor-element elementor-element-b55ce3e elementor-button-danger elementor-align-center elementor-widget elementor-widget-button\" data-id=\"b55ce3e\" data-element_type=\"widget\" data-widget_type=\"button.default\">\n\t\t\t\t<div class=\"elementor-widget-container\">\n\t\t\t\t\t<div class=\"elementor-button-wrapper\">\n\t\t\t<a href=\"https:\/\/ma-weddingstudio.pl\/index.php\/ewelina-hubert\/\" class=\"elementor-button-link elementor-button elementor-size-md\" role=\"button\">\n\t\t\t\t\t\t<span class=\"elementor-button-content-wrapper\">\n\t\t\t\t\t\t<span class=\"elementor-button-text\">Zobacz wi\u0119cej<\/span>\n\t\t<\/span>\n\t\t\t\t\t<\/a>\n\t\t<\/div>\n\t\t\t\t<\/div>\n\t\t\t\t<\/div>\n\t\t\t\t<div class=\"elementor-element elementor-element-8528019 elementor-widget-divider--view-line elementor-widget elementor-widget-divider\" data-id=\"8528019\" data-element_type=\"widget\" data-widget_type=\"divider.default\">\n\t\t\t\t<div class=\"elementor-widget-container\">\n\t\t\t\t\t<div class=\"elementor-divider\">\n\t\t\t<span class=\"elementor-divider-separator\">\n\t\t\t\t\t\t<\/span>\n\t\t<\/div>\n\t\t\t\t<\/div>\n\t\t\t\t<\/div>\n\t\t\t\t\t\t<\/div>\n\t\t\t\t\t<\/div>\n\t\t<\/div>\n\t\t\t\t<div class=\"elementor-column elementor-col-33 elementor-top-column elementor-element elementor-element-4ce6cf0\" data-id=\"4ce6cf0\" data-element_type=\"column\">\n\t\t\t<div class=\"elementor-column-wrap elementor-element-populated\">\n\t\t\t\t\t\t\t<div class=\"elementor-widget-wrap\">\n\t\t\t\t\t\t<div class=\"elementor-element elementor-element-8483f54 elementor-widget elementor-widget-image\" data-id=\"8483f54\" data-element_type=\"widget\" data-widget_type=\"image.default\">\n\t\t\t\t<div class=\"elementor-widget-container\">\n\t\t\t\t\t<div class=\"elementor-image\">\n\t\t\t\t\t\t\t\t\t\t\t<a href=\"https:\/\/ma-weddingstudio.pl\/index.php\/paulina-krzysiek-plener\">\n\t\t\t\t\t\t\t<img decoding=\"async\" width=\"768\" height=\"768\" src=\"https:\/\/ma-weddingstudio.pl\/wp-content\/uploads\/2021\/02\/20200824-S8504646-768x768.jpg\" class=\"elementor-animation-grow attachment-medium_large size-medium_large\" alt=\"\" srcset=\"https:\/\/ma-weddingstudio.pl\/wp-content\/uploads\/2021\/02\/20200824-S8504646-768x768.jpg 768w, https:\/\/ma-weddingstudio.pl\/wp-content\/uploads\/2021\/02\/20200824-S8504646-150x150.jpg 150w, https:\/\/ma-weddingstudio.pl\/wp-content\/uploads\/2021\/02\/20200824-S8504646-300x300.jpg 300w\" sizes=\"(max-width: 768px) 100vw, 768px\" \/>\t\t\t\t\t\t\t\t<\/a>\n\t\t\t\t\t\t\t\t\t\t\t<\/div>\n\t\t\t\t<\/div>\n\t\t\t\t<\/div>\n\t\t\t\t<div class=\"elementor-element elementor-element-d4e04e3 elementor-widget elementor-widget-heading\" data-id=\"d4e04e3\" data-element_type=\"widget\" data-widget_type=\"heading.default\">\n\t\t\t\t<div class=\"elementor-widget-container\">\n\t\t\t<h2 class=\"elementor-heading-title elementor-size-default\">Paulina & Krzysiek<\/h2>\t\t<\/div>\n\t\t\t\t<\/div>\n\t\t\t\t<div class=\"elementor-element elementor-element-2b094cf elementor-widget elementor-widget-heading\" data-id=\"2b094cf\" data-element_type=\"widget\" data-widget_type=\"heading.default\">\n\t\t\t\t<div class=\"elementor-widget-container\">\n\t\t\t<h6 class=\"elementor-heading-title elementor-size-default\">Plener na Szybowisku w Bezmiechowej<\/h6>\t\t<\/div>\n\t\t\t\t<\/div>\n\t\t\t\t<div class=\"elementor-element elementor-element-93dd3d4 elementor-widget elementor-widget-text-editor\" data-id=\"93dd3d4\" data-element_type=\"widget\" data-widget_type=\"text-editor.default\">\n\t\t\t\t<div class=\"elementor-widget-container\">\n\t\t\t\t\t<div class=\"elementor-text-editor elementor-clearfix\"><p>Paulina i Krzysiek to kolejna para, z kt\u00f3r\u0105 uda\u0142o si\u0119 nam stworzy\u0107 co\u015b niesamowitego!<br \/>Wszyscy jeste\u015bmy wielkimi fanami g\u00f3r, dlatego te\u017c Szybowisko w Bezmiechowej okaza\u0142o si\u0119 idealnym miejscem na sesj\u0119 plenerow\u0105. Paulina wygl\u0105da\u0142a przepi\u0119knie, a&#8230;<\/p><\/div>\n\t\t\t\t<\/div>\n\t\t\t\t<\/div>\n\t\t\t\t<div class=\"elementor-element elementor-element-d859634 elementor-button-danger elementor-align-center elementor-widget elementor-widget-button\" data-id=\"d859634\" data-element_type=\"widget\" data-widget_type=\"button.default\">\n\t\t\t\t<div class=\"elementor-widget-container\">\n\t\t\t\t\t<div class=\"elementor-button-wrapper\">\n\t\t\t<a href=\"https:\/\/ma-weddingstudio.pl\/index.php\/paulina-krzysiek-plener\" class=\"elementor-button-link elementor-button elementor-size-md\" role=\"button\">\n\t\t\t\t\t\t<span class=\"elementor-button-content-wrapper\">\n\t\t\t\t\t\t<span class=\"elementor-button-text\">Zobacz wi\u0119cej<\/span>\n\t\t<\/span>\n\t\t\t\t\t<\/a>\n\t\t<\/div>\n\t\t\t\t<\/div>\n\t\t\t\t<\/div>\n\t\t\t\t<div class=\"elementor-element elementor-element-256078d elementor-widget-divider--view-line elementor-widget elementor-widget-divider\" data-id=\"256078d\" data-element_type=\"widget\" data-widget_type=\"divider.default\">\n\t\t\t\t<div class=\"elementor-widget-container\">\n\t\t\t\t\t<div class=\"elementor-divider\">\n\t\t\t<span class=\"elementor-divider-separator\">\n\t\t\t\t\t\t<\/span>\n\t\t<\/div>\n\t\t\t\t<\/div>\n\t\t\t\t<\/div>\n\t\t\t\t\t\t<\/div>\n\t\t\t\t\t<\/div>\n\t\t<\/div>\n\t\t\t\t<div class=\"elementor-column elementor-col-33 elementor-top-column elementor-element elementor-element-4269a3e\" data-id=\"4269a3e\" data-element_type=\"column\">\n\t\t\t<div class=\"elementor-column-wrap elementor-element-populated\">\n\t\t\t\t\t\t\t<div class=\"elementor-widget-wrap\">\n\t\t\t\t\t\t<div class=\"elementor-element elementor-element-fd9b622 elementor-widget elementor-widget-image\" data-id=\"fd9b622\" data-element_type=\"widget\" data-widget_type=\"image.default\">\n\t\t\t\t<div class=\"elementor-widget-container\">\n\t\t\t\t\t<div class=\"elementor-image\">\n\t\t\t\t\t\t\t\t\t\t\t<a href=\"https:\/\/ma-weddingstudio.pl\/index.php\/paulina-krzysiek\/\">\n\t\t\t\t\t\t\t<img decoding=\"async\" width=\"768\" height=\"768\" src=\"https:\/\/ma-weddingstudio.pl\/wp-content\/uploads\/2020\/11\/20200815-S3507294-768x768.jpg\" class=\"elementor-animation-grow attachment-medium_large size-medium_large\" alt=\"\" srcset=\"https:\/\/ma-weddingstudio.pl\/wp-content\/uploads\/2020\/11\/20200815-S3507294-768x768.jpg 768w, https:\/\/ma-weddingstudio.pl\/wp-content\/uploads\/2020\/11\/20200815-S3507294-150x150.jpg 150w, https:\/\/ma-weddingstudio.pl\/wp-content\/uploads\/2020\/11\/20200815-S3507294-300x300.jpg 300w, https:\/\/ma-weddingstudio.pl\/wp-content\/uploads\/2020\/11\/20200815-S3507294-1024x1024.jpg 1024w\" sizes=\"(max-width: 768px) 100vw, 768px\" \/>\t\t\t\t\t\t\t\t<\/a>\n\t\t\t\t\t\t\t\t\t\t\t<\/div>\n\t\t\t\t<\/div>\n\t\t\t\t<\/div>\n\t\t\t\t<div class=\"elementor-element elementor-element-683a49a elementor-widget elementor-widget-heading\" data-id=\"683a49a\" data-element_type=\"widget\" data-widget_type=\"heading.default\">\n\t\t\t\t<div class=\"elementor-widget-container\">\n\t\t\t<h2 class=\"elementor-heading-title elementor-size-default\">Paulina & Krzysiek<\/h2>\t\t<\/div>\n\t\t\t\t<\/div>\n\t\t\t\t<div class=\"elementor-element elementor-element-a5c3386 elementor-widget elementor-widget-heading\" data-id=\"a5c3386\" data-element_type=\"widget\" data-widget_type=\"heading.default\">\n\t\t\t\t<div class=\"elementor-widget-container\">\n\t\t\t<h6 class=\"elementor-heading-title elementor-size-default\"><h2 class=\"elementor-heading-title elementor-size-default elementor-inline-editing pen\" data-elementor-setting-key=\"title\" data-pen-placeholder=\"Pisz tutaj...\" style=\"letter-spacing: normal; text-align: center;\">Niezapomniane chwile w starym M\u0142ynie<\/h2><\/h6>\t\t<\/div>\n\t\t\t\t<\/div>\n\t\t\t\t<div class=\"elementor-element elementor-element-d0cf383 elementor-widget elementor-widget-text-editor\" data-id=\"d0cf383\" data-element_type=\"widget\" data-widget_type=\"text-editor.default\">\n\t\t\t\t<div class=\"elementor-widget-container\">\n\t\t\t\t\t<div class=\"elementor-text-editor elementor-clearfix\"><p>Paulina i Krzysiek na sw\u00f3j dzie\u0144 wybrali pi\u0119kn\u0105 dat\u0119 \u2013 15 sierpnia. Pogoda by\u0142a idealna, panna m\u0142oda b\u0142yszcza\u0142a, a wszystko by\u0142o dopi\u0119te na ostatni guzik. Od razu spodoba\u0142 si\u0119 nam klimat, kt\u00f3ry para wybra\u0142a na ten dzie\u0144. Styl rustykalny nada\u0142 ogromnej&#8230;<\/p><\/div>\n\t\t\t\t<\/div>\n\t\t\t\t<\/div>\n\t\t\t\t<div class=\"elementor-element elementor-element-90fd51c elementor-button-danger elementor-align-center elementor-widget elementor-widget-button\" data-id=\"90fd51c\" data-element_type=\"widget\" data-widget_type=\"button.default\">\n\t\t\t\t<div class=\"elementor-widget-container\">\n\t\t\t\t\t<div class=\"elementor-button-wrapper\">\n\t\t\t<a href=\"https:\/\/ma-weddingstudio.pl\/index.php\/paulina-krzysiek\/\" class=\"elementor-button-link elementor-button elementor-size-md\" role=\"button\">\n\t\t\t\t\t\t<span class=\"elementor-button-content-wrapper\">\n\t\t\t\t\t\t<span class=\"elementor-button-text\">Zobacz wi\u0119cej<\/span>\n\t\t<\/span>\n\t\t\t\t\t<\/a>\n\t\t<\/div>\n\t\t\t\t<\/div>\n\t\t\t\t<\/div>\n\t\t\t\t<div class=\"elementor-element elementor-element-29b2d4d elementor-widget-divider--view-line elementor-widget elementor-widget-divider\" data-id=\"29b2d4d\" data-element_type=\"widget\" data-widget_type=\"divider.default\">\n\t\t\t\t<div class=\"elementor-widget-container\">\n\t\t\t\t\t<div class=\"elementor-divider\">\n\t\t\t<span class=\"elementor-divider-separator\">\n\t\t\t\t\t\t<\/span>\n\t\t<\/div>\n\t\t\t\t<\/div>\n\t\t\t\t<\/div>\n\t\t\t\t\t\t<\/div>\n\t\t\t\t\t<\/div>\n\t\t<\/div>\n\t\t\t\t\t\t\t\t<\/div>\n\t\t\t\t\t<\/div>\n\t\t<\/section>\n\t\t\t\t<section class=\"elementor-section elementor-top-section elementor-element elementor-element-3c02752 elementor-section-stretched elementor-section-boxed elementor-section-height-default elementor-section-height-default\" data-id=\"3c02752\" data-element_type=\"section\" data-settings=\"{&quot;stretch_section&quot;:&quot;section-stretched&quot;}\">\n\t\t\t\t\t\t<div class=\"elementor-container elementor-column-gap-default\">\n\t\t\t\t\t\t\t<div class=\"elementor-row\">\n\t\t\t\t\t<div class=\"elementor-column elementor-col-33 elementor-top-column elementor-element elementor-element-8688fbe\" data-id=\"8688fbe\" data-element_type=\"column\">\n\t\t\t<div class=\"elementor-column-wrap elementor-element-populated\">\n\t\t\t\t\t\t\t<div class=\"elementor-widget-wrap\">\n\t\t\t\t\t\t<div class=\"elementor-element elementor-element-84134b3 elementor-widget elementor-widget-image\" data-id=\"84134b3\" data-element_type=\"widget\" data-widget_type=\"image.default\">\n\t\t\t\t<div class=\"elementor-widget-container\">\n\t\t\t\t\t<div class=\"elementor-image\">\n\t\t\t\t\t\t\t\t\t\t\t<a href=\"https:\/\/ma-weddingstudio.pl\/index.php\/treasures-of-nature\/\">\n\t\t\t\t\t\t\t<img decoding=\"async\" width=\"768\" height=\"768\" src=\"https:\/\/ma-weddingstudio.pl\/wp-content\/uploads\/2020\/08\/DSC05993-768x768.jpg\" class=\"elementor-animation-grow attachment-medium_large size-medium_large\" alt=\"\" srcset=\"https:\/\/ma-weddingstudio.pl\/wp-content\/uploads\/2020\/08\/DSC05993-768x768.jpg 768w, https:\/\/ma-weddingstudio.pl\/wp-content\/uploads\/2020\/08\/DSC05993-150x150.jpg 150w, https:\/\/ma-weddingstudio.pl\/wp-content\/uploads\/2020\/08\/DSC05993-300x300.jpg 300w\" sizes=\"(max-width: 768px) 100vw, 768px\" \/>\t\t\t\t\t\t\t\t<\/a>\n\t\t\t\t\t\t\t\t\t\t\t<\/div>\n\t\t\t\t<\/div>\n\t\t\t\t<\/div>\n\t\t\t\t<div class=\"elementor-element elementor-element-988fe73 elementor-widget elementor-widget-heading\" data-id=\"988fe73\" data-element_type=\"widget\" data-widget_type=\"heading.default\">\n\t\t\t\t<div class=\"elementor-widget-container\">\n\t\t\t<h2 class=\"elementor-heading-title elementor-size-default\">Treasures of nature || Ola<\/h2>\t\t<\/div>\n\t\t\t\t<\/div>\n\t\t\t\t<div class=\"elementor-element elementor-element-d5061d9 elementor-widget elementor-widget-heading\" data-id=\"d5061d9\" data-element_type=\"widget\" data-widget_type=\"heading.default\">\n\t\t\t\t<div class=\"elementor-widget-container\">\n\t\t\t<h6 class=\"elementor-heading-title elementor-size-default\">Rustykalna stylizacja w ogrodzie<\/h6>\t\t<\/div>\n\t\t\t\t<\/div>\n\t\t\t\t<div class=\"elementor-element elementor-element-d469a33 elementor-widget elementor-widget-text-editor\" data-id=\"d469a33\" data-element_type=\"widget\" data-widget_type=\"text-editor.default\">\n\t\t\t\t<div class=\"elementor-widget-container\">\n\t\t\t\t\t<div class=\"elementor-text-editor elementor-clearfix\"><p>Konwencje w stylu boho to jedne z naszych ulubionych. Cechuj\u0105 si\u0119 niezwyk\u0142\u0105 lekko\u015bci\u0105 i zmys\u0142owo\u015bci\u0105, a te same maluj\u0105 si\u0119 na zdj\u0119ciach! Przepi\u0119kna Ola wygl\u0105da\u0142a ol\u015bniewaj\u0105co i idealnie odnalaz\u0142a si\u0119 w tej stylizacji. Bardzo cieszymy si\u0119, \u017ce&#8230;<\/p><\/div>\n\t\t\t\t<\/div>\n\t\t\t\t<\/div>\n\t\t\t\t<div class=\"elementor-element elementor-element-297e825 elementor-button-danger elementor-align-center elementor-widget elementor-widget-button\" data-id=\"297e825\" data-element_type=\"widget\" data-widget_type=\"button.default\">\n\t\t\t\t<div class=\"elementor-widget-container\">\n\t\t\t\t\t<div class=\"elementor-button-wrapper\">\n\t\t\t<a href=\"https:\/\/ma-weddingstudio.pl\/index.php\/treasures-of-nature\/\" class=\"elementor-button-link elementor-button elementor-size-md\" role=\"button\">\n\t\t\t\t\t\t<span class=\"elementor-button-content-wrapper\">\n\t\t\t\t\t\t<span class=\"elementor-button-text\">Zobacz wi\u0119cej<\/span>\n\t\t<\/span>\n\t\t\t\t\t<\/a>\n\t\t<\/div>\n\t\t\t\t<\/div>\n\t\t\t\t<\/div>\n\t\t\t\t<div class=\"elementor-element elementor-element-e0f6f43 elementor-widget-divider--view-line elementor-widget elementor-widget-divider\" data-id=\"e0f6f43\" data-element_type=\"widget\" data-widget_type=\"divider.default\">\n\t\t\t\t<div class=\"elementor-widget-container\">\n\t\t\t\t\t<div class=\"elementor-divider\">\n\t\t\t<span class=\"elementor-divider-separator\">\n\t\t\t\t\t\t<\/span>\n\t\t<\/div>\n\t\t\t\t<\/div>\n\t\t\t\t<\/div>\n\t\t\t\t\t\t<\/div>\n\t\t\t\t\t<\/div>\n\t\t<\/div>\n\t\t\t\t<div class=\"elementor-column elementor-col-33 elementor-top-column elementor-element elementor-element-4ee0c8f\" data-id=\"4ee0c8f\" data-element_type=\"column\">\n\t\t\t<div class=\"elementor-column-wrap elementor-element-populated\">\n\t\t\t\t\t\t\t<div class=\"elementor-widget-wrap\">\n\t\t\t\t\t\t<div class=\"elementor-element elementor-element-8df5a28 elementor-widget elementor-widget-image\" data-id=\"8df5a28\" data-element_type=\"widget\" data-widget_type=\"image.default\">\n\t\t\t\t<div class=\"elementor-widget-container\">\n\t\t\t\t\t<div class=\"elementor-image\">\n\t\t\t\t\t\t\t\t\t\t\t<a href=\"https:\/\/ma-weddingstudio.pl\/index.php\/kasia-grzesiek-plener\">\n\t\t\t\t\t\t\t<img decoding=\"async\" width=\"768\" height=\"768\" src=\"https:\/\/ma-weddingstudio.pl\/wp-content\/uploads\/2022\/02\/KG-11.09.2021-822-of-823-768x768.jpg\" class=\"elementor-animation-grow attachment-medium_large size-medium_large\" alt=\"\" srcset=\"https:\/\/ma-weddingstudio.pl\/wp-content\/uploads\/2022\/02\/KG-11.09.2021-822-of-823-768x768.jpg 768w, https:\/\/ma-weddingstudio.pl\/wp-content\/uploads\/2022\/02\/KG-11.09.2021-822-of-823-300x300.jpg 300w, https:\/\/ma-weddingstudio.pl\/wp-content\/uploads\/2022\/02\/KG-11.09.2021-822-of-823-150x150.jpg 150w\" sizes=\"(max-width: 768px) 100vw, 768px\" \/>\t\t\t\t\t\t\t\t<\/a>\n\t\t\t\t\t\t\t\t\t\t\t<\/div>\n\t\t\t\t<\/div>\n\t\t\t\t<\/div>\n\t\t\t\t<div class=\"elementor-element elementor-element-5523752 elementor-widget elementor-widget-heading\" data-id=\"5523752\" data-element_type=\"widget\" data-widget_type=\"heading.default\">\n\t\t\t\t<div class=\"elementor-widget-container\">\n\t\t\t<h2 class=\"elementor-heading-title elementor-size-default\">Kasia & Grzesiek<\/h2>\t\t<\/div>\n\t\t\t\t<\/div>\n\t\t\t\t<div class=\"elementor-element elementor-element-d006521 elementor-widget elementor-widget-heading\" data-id=\"d006521\" data-element_type=\"widget\" data-widget_type=\"heading.default\">\n\t\t\t\t<div class=\"elementor-widget-container\">\n\t\t\t<h6 class=\"elementor-heading-title elementor-size-default\">Le\u015bna sesja plenerowa<\/h6>\t\t<\/div>\n\t\t\t\t<\/div>\n\t\t\t\t<div class=\"elementor-element elementor-element-9bfc9e3 elementor-widget elementor-widget-text-editor\" data-id=\"9bfc9e3\" data-element_type=\"widget\" data-widget_type=\"text-editor.default\">\n\t\t\t\t<div class=\"elementor-widget-container\">\n\t\t\t\t\t<div class=\"elementor-text-editor elementor-clearfix\"><p>Wrzesie\u0144 to idealna pora na plenery w lesie! Po\u0142\u0105czenie zieleni i pomara\u0144czy daje pi\u0119kne kadry \ud83d\ude09 Lubimy t\u0119 cisz\u0119, spok\u00f3j i klimat. Cieszymy si\u0119, \u017ce mogli\u015bmy zarazi\u0107 Kasi\u0119 i Grze\u015bka nasz\u0105 mi\u0142o\u015bci\u0105 do obcowania w takich miejscach! A efekty przeros\u0142y nasze&#8230;<\/p><\/div>\n\t\t\t\t<\/div>\n\t\t\t\t<\/div>\n\t\t\t\t<div class=\"elementor-element elementor-element-9465d5b elementor-button-danger elementor-align-center elementor-widget elementor-widget-button\" data-id=\"9465d5b\" data-element_type=\"widget\" data-widget_type=\"button.default\">\n\t\t\t\t<div class=\"elementor-widget-container\">\n\t\t\t\t\t<div class=\"elementor-button-wrapper\">\n\t\t\t<a href=\"https:\/\/ma-weddingstudio.pl\/index.php\/kasia-grzesiek-plener\" class=\"elementor-button-link elementor-button elementor-size-md\" role=\"button\">\n\t\t\t\t\t\t<span class=\"elementor-button-content-wrapper\">\n\t\t\t\t\t\t<span class=\"elementor-button-text\">Zobacz wi\u0119cej<\/span>\n\t\t<\/span>\n\t\t\t\t\t<\/a>\n\t\t<\/div>\n\t\t\t\t<\/div>\n\t\t\t\t<\/div>\n\t\t\t\t<div class=\"elementor-element elementor-element-f09f2bf elementor-widget-divider--view-line elementor-widget elementor-widget-divider\" data-id=\"f09f2bf\" data-element_type=\"widget\" data-widget_type=\"divider.default\">\n\t\t\t\t<div class=\"elementor-widget-container\">\n\t\t\t\t\t<div class=\"elementor-divider\">\n\t\t\t<span class=\"elementor-divider-separator\">\n\t\t\t\t\t\t<\/span>\n\t\t<\/div>\n\t\t\t\t<\/div>\n\t\t\t\t<\/div>\n\t\t\t\t\t\t<\/div>\n\t\t\t\t\t<\/div>\n\t\t<\/div>\n\t\t\t\t<div class=\"elementor-column elementor-col-33 elementor-top-column elementor-element elementor-element-ff7c545\" data-id=\"ff7c545\" data-element_type=\"column\">\n\t\t\t<div class=\"elementor-column-wrap elementor-element-populated\">\n\t\t\t\t\t\t\t<div class=\"elementor-widget-wrap\">\n\t\t\t\t\t\t<div class=\"elementor-element elementor-element-73bb0db elementor-widget elementor-widget-image\" data-id=\"73bb0db\" data-element_type=\"widget\" data-widget_type=\"image.default\">\n\t\t\t\t<div class=\"elementor-widget-container\">\n\t\t\t\t\t<div class=\"elementor-image\">\n\t\t\t\t\t\t\t\t\t\t\t<a href=\"https:\/\/ma-weddingstudio.pl\/index.php\/fridakahlo\/\">\n\t\t\t\t\t\t\t<img decoding=\"async\" width=\"768\" height=\"768\" src=\"https:\/\/ma-weddingstudio.pl\/wp-content\/uploads\/2020\/08\/DSC06388-768x768.jpg\" class=\"elementor-animation-grow attachment-medium_large size-medium_large\" alt=\"\" srcset=\"https:\/\/ma-weddingstudio.pl\/wp-content\/uploads\/2020\/08\/DSC06388-768x768.jpg 768w, https:\/\/ma-weddingstudio.pl\/wp-content\/uploads\/2020\/08\/DSC06388-150x150.jpg 150w, https:\/\/ma-weddingstudio.pl\/wp-content\/uploads\/2020\/08\/DSC06388-300x300.jpg 300w\" sizes=\"(max-width: 768px) 100vw, 768px\" \/>\t\t\t\t\t\t\t\t<\/a>\n\t\t\t\t\t\t\t\t\t\t\t<\/div>\n\t\t\t\t<\/div>\n\t\t\t\t<\/div>\n\t\t\t\t<div class=\"elementor-element elementor-element-f374e2f elementor-widget elementor-widget-heading\" data-id=\"f374e2f\" data-element_type=\"widget\" data-widget_type=\"heading.default\">\n\t\t\t\t<div class=\"elementor-widget-container\">\n\t\t\t<h2 class=\"elementor-heading-title elementor-size-default\">Inspired by Frida Kahlo<\/h2>\t\t<\/div>\n\t\t\t\t<\/div>\n\t\t\t\t<div class=\"elementor-element elementor-element-f2c62ae elementor-widget elementor-widget-heading\" data-id=\"f2c62ae\" data-element_type=\"widget\" data-widget_type=\"heading.default\">\n\t\t\t\t<div class=\"elementor-widget-container\">\n\t\t\t<h6 class=\"elementor-heading-title elementor-size-default\"><h2 class=\"elementor-heading-title elementor-size-default elementor-inline-editing pen\" data-elementor-setting-key=\"title\" data-pen-placeholder=\"Pisz tutaj...\" style=\"letter-spacing: normal; text-align: center;\">Kwieciste szale\u0144stwo w lesie!<br><\/h2><\/h6>\t\t<\/div>\n\t\t\t\t<\/div>\n\t\t\t\t<div class=\"elementor-element elementor-element-4e64ca9 elementor-widget elementor-widget-text-editor\" data-id=\"4e64ca9\" data-element_type=\"widget\" data-widget_type=\"text-editor.default\">\n\t\t\t\t<div class=\"elementor-widget-container\">\n\t\t\t\t\t<div class=\"elementor-text-editor elementor-clearfix\"><p>\u200bOstatnio mieli\u015bmy okazj\u0119 uczestniczy\u0107 w fantastycznym projekcie, kt\u00f3rego efektem jest jedna z sesji zainspirowana malark\u0105, Frid\u0105 Kahlo! Niezast\u0105piona Flower Zone stworzy\u0142a rewelacyjn\u0105 stylizacj\u0119 florystyczn\u0105, Fenomenalna Magdalena Iskierka zadba\u0142a o&#8230;<\/p><\/div>\n\t\t\t\t<\/div>\n\t\t\t\t<\/div>\n\t\t\t\t<div class=\"elementor-element elementor-element-eb3feea elementor-button-danger elementor-align-center elementor-widget elementor-widget-button\" data-id=\"eb3feea\" data-element_type=\"widget\" data-widget_type=\"button.default\">\n\t\t\t\t<div class=\"elementor-widget-container\">\n\t\t\t\t\t<div class=\"elementor-button-wrapper\">\n\t\t\t<a href=\"https:\/\/ma-weddingstudio.pl\/index.php\/fridakahlo\/\" class=\"elementor-button-link elementor-button elementor-size-md\" role=\"button\">\n\t\t\t\t\t\t<span class=\"elementor-button-content-wrapper\">\n\t\t\t\t\t\t<span class=\"elementor-button-text\">Zobacz wi\u0119cej<\/span>\n\t\t<\/span>\n\t\t\t\t\t<\/a>\n\t\t<\/div>\n\t\t\t\t<\/div>\n\t\t\t\t<\/div>\n\t\t\t\t<div class=\"elementor-element elementor-element-9bbf307 elementor-widget-divider--view-line elementor-widget elementor-widget-divider\" data-id=\"9bbf307\" data-element_type=\"widget\" data-widget_type=\"divider.default\">\n\t\t\t\t<div class=\"elementor-widget-container\">\n\t\t\t\t\t<div class=\"elementor-divider\">\n\t\t\t<span class=\"elementor-divider-separator\">\n\t\t\t\t\t\t<\/span>\n\t\t<\/div>\n\t\t\t\t<\/div>\n\t\t\t\t<\/div>\n\t\t\t\t\t\t<\/div>\n\t\t\t\t\t<\/div>\n\t\t<\/div>\n\t\t\t\t\t\t\t\t<\/div>\n\t\t\t\t\t<\/div>\n\t\t<\/section>\n\t\t\t\t<section class=\"elementor-section elementor-top-section elementor-element elementor-element-6aa65da elementor-section-stretched elementor-section-boxed elementor-section-height-default elementor-section-height-default\" data-id=\"6aa65da\" data-element_type=\"section\" data-settings=\"{&quot;stretch_section&quot;:&quot;section-stretched&quot;}\">\n\t\t\t\t\t\t<div class=\"elementor-container elementor-column-gap-default\">\n\t\t\t\t\t\t\t<div class=\"elementor-row\">\n\t\t\t\t\t<div class=\"elementor-column elementor-col-33 elementor-top-column elementor-element elementor-element-bea0504\" data-id=\"bea0504\" data-element_type=\"column\">\n\t\t\t<div class=\"elementor-column-wrap elementor-element-populated\">\n\t\t\t\t\t\t\t<div class=\"elementor-widget-wrap\">\n\t\t\t\t\t\t<div class=\"elementor-element elementor-element-8b6a8a2 elementor-widget elementor-widget-image\" data-id=\"8b6a8a2\" data-element_type=\"widget\" data-widget_type=\"image.default\">\n\t\t\t\t<div class=\"elementor-widget-container\">\n\t\t\t\t\t<div class=\"elementor-image\">\n\t\t\t\t\t\t\t\t\t\t\t<a href=\"https:\/\/ma-weddingstudio.pl\/index.php\/marta-marcin\/\">\n\t\t\t\t\t\t\t<img decoding=\"async\" width=\"768\" height=\"768\" src=\"https:\/\/ma-weddingstudio.pl\/wp-content\/uploads\/2023\/02\/MM-28.05.2022-573-of-795-768x768.jpg\" class=\"elementor-animation-grow attachment-medium_large size-medium_large\" alt=\"\" srcset=\"https:\/\/ma-weddingstudio.pl\/wp-content\/uploads\/2023\/02\/MM-28.05.2022-573-of-795-768x768.jpg 768w, https:\/\/ma-weddingstudio.pl\/wp-content\/uploads\/2023\/02\/MM-28.05.2022-573-of-795-300x300.jpg 300w, https:\/\/ma-weddingstudio.pl\/wp-content\/uploads\/2023\/02\/MM-28.05.2022-573-of-795-150x150.jpg 150w\" sizes=\"(max-width: 768px) 100vw, 768px\" \/>\t\t\t\t\t\t\t\t<\/a>\n\t\t\t\t\t\t\t\t\t\t\t<\/div>\n\t\t\t\t<\/div>\n\t\t\t\t<\/div>\n\t\t\t\t<div class=\"elementor-element elementor-element-ac22f33 elementor-widget elementor-widget-heading\" data-id=\"ac22f33\" data-element_type=\"widget\" data-widget_type=\"heading.default\">\n\t\t\t\t<div class=\"elementor-widget-container\">\n\t\t\t<h2 class=\"elementor-heading-title elementor-size-default\">Marta & Marcin<\/h2>\t\t<\/div>\n\t\t\t\t<\/div>\n\t\t\t\t<div class=\"elementor-element elementor-element-cff0b1d elementor-widget elementor-widget-heading\" data-id=\"cff0b1d\" data-element_type=\"widget\" data-widget_type=\"heading.default\">\n\t\t\t\t<div class=\"elementor-widget-container\">\n\t\t\t<h6 class=\"elementor-heading-title elementor-size-default\">Majowe wesele na Lubelszczy\u017anie<\/h6>\t\t<\/div>\n\t\t\t\t<\/div>\n\t\t\t\t<div class=\"elementor-element elementor-element-863443c elementor-widget elementor-widget-text-editor\" data-id=\"863443c\" data-element_type=\"widget\" data-widget_type=\"text-editor.default\">\n\t\t\t\t<div class=\"elementor-widget-container\">\n\t\t\t\t\t<div class=\"elementor-text-editor elementor-clearfix\"><p>Marta i Marcin zdecydowali si\u0119 na \u015blub w maju i trzeba przyzna\u0107, \u017ce podj\u0119li \u015bwietn\u0105 decyzj\u0119! Fantastyczna pogoda, s\u0142o\u0144ce i zapach wiosny w powietrzu! Czego mo\u017cna chcie\u0107 wi\u0119cej? :)Marta wybra\u0142a eleganck\u0105 sukienk\u0119, w stylu &#8222;rybki&#8221; i wygl\u0105da\u0142a&#8230;<\/p><\/div>\n\t\t\t\t<\/div>\n\t\t\t\t<\/div>\n\t\t\t\t<div class=\"elementor-element elementor-element-ee8e434 elementor-button-danger elementor-align-center elementor-widget elementor-widget-button\" data-id=\"ee8e434\" data-element_type=\"widget\" data-widget_type=\"button.default\">\n\t\t\t\t<div class=\"elementor-widget-container\">\n\t\t\t\t\t<div class=\"elementor-button-wrapper\">\n\t\t\t<a href=\"https:\/\/ma-weddingstudio.pl\/index.php\/marta-marcin\/\" class=\"elementor-button-link elementor-button elementor-size-md\" role=\"button\">\n\t\t\t\t\t\t<span class=\"elementor-button-content-wrapper\">\n\t\t\t\t\t\t<span class=\"elementor-button-text\">Zobacz wi\u0119cej<\/span>\n\t\t<\/span>\n\t\t\t\t\t<\/a>\n\t\t<\/div>\n\t\t\t\t<\/div>\n\t\t\t\t<\/div>\n\t\t\t\t<div class=\"elementor-element elementor-element-e385211 elementor-widget-divider--view-line elementor-widget elementor-widget-divider\" data-id=\"e385211\" data-element_type=\"widget\" data-widget_type=\"divider.default\">\n\t\t\t\t<div class=\"elementor-widget-container\">\n\t\t\t\t\t<div class=\"elementor-divider\">\n\t\t\t<span class=\"elementor-divider-separator\">\n\t\t\t\t\t\t<\/span>\n\t\t<\/div>\n\t\t\t\t<\/div>\n\t\t\t\t<\/div>\n\t\t\t\t\t\t<\/div>\n\t\t\t\t\t<\/div>\n\t\t<\/div>\n\t\t\t\t<div class=\"elementor-column elementor-col-33 elementor-top-column elementor-element elementor-element-3b80f2b\" data-id=\"3b80f2b\" data-element_type=\"column\">\n\t\t\t<div class=\"elementor-column-wrap elementor-element-populated\">\n\t\t\t\t\t\t\t<div class=\"elementor-widget-wrap\">\n\t\t\t\t\t\t<div class=\"elementor-element elementor-element-2d12cbc elementor-widget elementor-widget-image\" data-id=\"2d12cbc\" data-element_type=\"widget\" data-widget_type=\"image.default\">\n\t\t\t\t<div class=\"elementor-widget-container\">\n\t\t\t\t\t<div class=\"elementor-image\">\n\t\t\t\t\t\t\t\t\t\t\t<a href=\"https:\/\/ma-weddingstudio.pl\/index.php\/kasia-grzesiek\">\n\t\t\t\t\t\t\t<img decoding=\"async\" width=\"768\" height=\"768\" src=\"https:\/\/ma-weddingstudio.pl\/wp-content\/uploads\/2022\/02\/KG-11.09.2021-394-of-823-768x768.jpg\" class=\"elementor-animation-grow attachment-medium_large size-medium_large\" alt=\"\" srcset=\"https:\/\/ma-weddingstudio.pl\/wp-content\/uploads\/2022\/02\/KG-11.09.2021-394-of-823-768x768.jpg 768w, https:\/\/ma-weddingstudio.pl\/wp-content\/uploads\/2022\/02\/KG-11.09.2021-394-of-823-300x300.jpg 300w, https:\/\/ma-weddingstudio.pl\/wp-content\/uploads\/2022\/02\/KG-11.09.2021-394-of-823-150x150.jpg 150w\" sizes=\"(max-width: 768px) 100vw, 768px\" \/>\t\t\t\t\t\t\t\t<\/a>\n\t\t\t\t\t\t\t\t\t\t\t<\/div>\n\t\t\t\t<\/div>\n\t\t\t\t<\/div>\n\t\t\t\t<div class=\"elementor-element elementor-element-7dc0aed elementor-widget elementor-widget-heading\" data-id=\"7dc0aed\" data-element_type=\"widget\" data-widget_type=\"heading.default\">\n\t\t\t\t<div class=\"elementor-widget-container\">\n\t\t\t<h2 class=\"elementor-heading-title elementor-size-default\">Kasia & Grzesiek<\/h2>\t\t<\/div>\n\t\t\t\t<\/div>\n\t\t\t\t<div class=\"elementor-element elementor-element-6300e86 elementor-widget elementor-widget-heading\" data-id=\"6300e86\" data-element_type=\"widget\" data-widget_type=\"heading.default\">\n\t\t\t\t<div class=\"elementor-widget-container\">\n\t\t\t<h6 class=\"elementor-heading-title elementor-size-default\">Drewniana Stodo\u0142a w Pstr\u0105gowej<\/h6>\t\t<\/div>\n\t\t\t\t<\/div>\n\t\t\t\t<div class=\"elementor-element elementor-element-b670df5 elementor-widget elementor-widget-text-editor\" data-id=\"b670df5\" data-element_type=\"widget\" data-widget_type=\"text-editor.default\">\n\t\t\t\t<div class=\"elementor-widget-container\">\n\t\t\t\t\t<div class=\"elementor-text-editor elementor-clearfix\"><p>Wrzesie\u0144 jest jednym z naszych ulubionych miesi\u0119cy. Powoli zaczyna si\u0119 robi\u0107 pomara\u0144czowo, czu\u0107 ju\u017c jesienny powiew \u015bwie\u017co\u015bci. Nic dziwnego, \u017ce Kasia i Grzesiek zdecydowali si\u0119 na wesele w tym miesi\u0105cu! Para postawi\u0142a w stu procentach na&#8230;<\/p><\/div>\n\t\t\t\t<\/div>\n\t\t\t\t<\/div>\n\t\t\t\t<div class=\"elementor-element elementor-element-56e9dd0 elementor-button-danger elementor-align-center elementor-widget elementor-widget-button\" data-id=\"56e9dd0\" data-element_type=\"widget\" data-widget_type=\"button.default\">\n\t\t\t\t<div class=\"elementor-widget-container\">\n\t\t\t\t\t<div class=\"elementor-button-wrapper\">\n\t\t\t<a href=\"https:\/\/ma-weddingstudio.pl\/index.php\/kasia-grzesiek\" class=\"elementor-button-link elementor-button elementor-size-md\" role=\"button\">\n\t\t\t\t\t\t<span class=\"elementor-button-content-wrapper\">\n\t\t\t\t\t\t<span class=\"elementor-button-text\">Zobacz wi\u0119cej<\/span>\n\t\t<\/span>\n\t\t\t\t\t<\/a>\n\t\t<\/div>\n\t\t\t\t<\/div>\n\t\t\t\t<\/div>\n\t\t\t\t<div class=\"elementor-element elementor-element-c3095c4 elementor-widget-divider--view-line elementor-widget elementor-widget-divider\" data-id=\"c3095c4\" data-element_type=\"widget\" data-widget_type=\"divider.default\">\n\t\t\t\t<div class=\"elementor-widget-container\">\n\t\t\t\t\t<div class=\"elementor-divider\">\n\t\t\t<span class=\"elementor-divider-separator\">\n\t\t\t\t\t\t<\/span>\n\t\t<\/div>\n\t\t\t\t<\/div>\n\t\t\t\t<\/div>\n\t\t\t\t\t\t<\/div>\n\t\t\t\t\t<\/div>\n\t\t<\/div>\n\t\t\t\t<div class=\"elementor-column elementor-col-33 elementor-top-column elementor-element elementor-element-5e88329\" data-id=\"5e88329\" data-element_type=\"column\">\n\t\t\t<div class=\"elementor-column-wrap elementor-element-populated\">\n\t\t\t\t\t\t\t<div class=\"elementor-widget-wrap\">\n\t\t\t\t\t\t<div class=\"elementor-element elementor-element-684f67e elementor-widget elementor-widget-image\" data-id=\"684f67e\" data-element_type=\"widget\" data-widget_type=\"image.default\">\n\t\t\t\t<div class=\"elementor-widget-container\">\n\t\t\t\t\t<div class=\"elementor-image\">\n\t\t\t\t\t\t\t\t\t\t\t<a href=\"https:\/\/ma-weddingstudio.pl\/index.php\/marta-marcin-plener\/\">\n\t\t\t\t\t\t\t<img decoding=\"async\" width=\"768\" height=\"768\" src=\"https:\/\/ma-weddingstudio.pl\/wp-content\/uploads\/2023\/02\/MM-28.05.2022-708-of-795-768x768.jpg\" class=\"elementor-animation-grow attachment-medium_large size-medium_large\" alt=\"\" srcset=\"https:\/\/ma-weddingstudio.pl\/wp-content\/uploads\/2023\/02\/MM-28.05.2022-708-of-795-768x768.jpg 768w, https:\/\/ma-weddingstudio.pl\/wp-content\/uploads\/2023\/02\/MM-28.05.2022-708-of-795-300x300.jpg 300w, https:\/\/ma-weddingstudio.pl\/wp-content\/uploads\/2023\/02\/MM-28.05.2022-708-of-795-150x150.jpg 150w\" sizes=\"(max-width: 768px) 100vw, 768px\" \/>\t\t\t\t\t\t\t\t<\/a>\n\t\t\t\t\t\t\t\t\t\t\t<\/div>\n\t\t\t\t<\/div>\n\t\t\t\t<\/div>\n\t\t\t\t<div class=\"elementor-element elementor-element-2dee323 elementor-widget elementor-widget-heading\" data-id=\"2dee323\" data-element_type=\"widget\" data-widget_type=\"heading.default\">\n\t\t\t\t<div class=\"elementor-widget-container\">\n\t\t\t<h2 class=\"elementor-heading-title elementor-size-default\">Marta & Marcin<\/h2>\t\t<\/div>\n\t\t\t\t<\/div>\n\t\t\t\t<div class=\"elementor-element elementor-element-5939963 elementor-widget elementor-widget-heading\" data-id=\"5939963\" data-element_type=\"widget\" data-widget_type=\"heading.default\">\n\t\t\t\t<div class=\"elementor-widget-container\">\n\t\t\t<h6 class=\"elementor-heading-title elementor-size-default\">Plener w g\u00f3rskim klimacie pod Rzeszowem<\/h6>\t\t<\/div>\n\t\t\t\t<\/div>\n\t\t\t\t<div class=\"elementor-element elementor-element-f71c2d0 elementor-widget elementor-widget-text-editor\" data-id=\"f71c2d0\" data-element_type=\"widget\" data-widget_type=\"text-editor.default\">\n\t\t\t\t<div class=\"elementor-widget-container\">\n\t\t\t\t\t<div class=\"elementor-text-editor elementor-clearfix\"><p>Marta i Marcin podobnie jak my pokochali tereny g\u00f3rskie!\u00a0<br \/>Niechobrz niedaleko Rzeszowa to jedno z naszych ulubionych bliskich miejsc, kt\u00f3re nie wymaga wyjazdu w g\u00f3ry, \u017ceby poczu\u0107 ten klimat! Cieszymy si\u0119, \u017ce nasze pary tak jak my dziel\u0105 z nami t\u0105 pasj\u0119&#8230;<\/p><\/div>\n\t\t\t\t<\/div>\n\t\t\t\t<\/div>\n\t\t\t\t<div class=\"elementor-element elementor-element-6469ff9 elementor-button-danger elementor-align-center elementor-widget elementor-widget-button\" data-id=\"6469ff9\" data-element_type=\"widget\" data-widget_type=\"button.default\">\n\t\t\t\t<div class=\"elementor-widget-container\">\n\t\t\t\t\t<div class=\"elementor-button-wrapper\">\n\t\t\t<a href=\"https:\/\/ma-weddingstudio.pl\/index.php\/marta-marcin-plener\/\" class=\"elementor-button-link elementor-button elementor-size-md\" role=\"button\">\n\t\t\t\t\t\t<span class=\"elementor-button-content-wrapper\">\n\t\t\t\t\t\t<span class=\"elementor-button-text\">Zobacz wi\u0119cej<\/span>\n\t\t<\/span>\n\t\t\t\t\t<\/a>\n\t\t<\/div>\n\t\t\t\t<\/div>\n\t\t\t\t<\/div>\n\t\t\t\t<div class=\"elementor-element elementor-element-9179c80 elementor-widget-divider--view-line elementor-widget elementor-widget-divider\" data-id=\"9179c80\" data-element_type=\"widget\" data-widget_type=\"divider.default\">\n\t\t\t\t<div class=\"elementor-widget-container\">\n\t\t\t\t\t<div class=\"elementor-divider\">\n\t\t\t<span class=\"elementor-divider-separator\">\n\t\t\t\t\t\t<\/span>\n\t\t<\/div>\n\t\t\t\t<\/div>\n\t\t\t\t<\/div>\n\t\t\t\t\t\t<\/div>\n\t\t\t\t\t<\/div>\n\t\t<\/div>\n\t\t\t\t\t\t\t\t<\/div>\n\t\t\t\t\t<\/div>\n\t\t<\/section>\n\t\t\t\t<section class=\"elementor-section elementor-top-section elementor-element elementor-element-6972602 elementor-section-stretched elementor-section-boxed elementor-section-height-default elementor-section-height-default\" data-id=\"6972602\" data-element_type=\"section\" data-settings=\"{&quot;stretch_section&quot;:&quot;section-stretched&quot;}\">\n\t\t\t\t\t\t<div class=\"elementor-container elementor-column-gap-default\">\n\t\t\t\t\t\t\t<div class=\"elementor-row\">\n\t\t\t\t\t<div class=\"elementor-column elementor-col-33 elementor-top-column elementor-element elementor-element-4e44d07\" data-id=\"4e44d07\" data-element_type=\"column\">\n\t\t\t<div class=\"elementor-column-wrap elementor-element-populated\">\n\t\t\t\t\t\t\t<div class=\"elementor-widget-wrap\">\n\t\t\t\t\t\t<div class=\"elementor-element elementor-element-4906b78 elementor-widget elementor-widget-image\" data-id=\"4906b78\" data-element_type=\"widget\" data-widget_type=\"image.default\">\n\t\t\t\t<div class=\"elementor-widget-container\">\n\t\t\t\t\t<div class=\"elementor-image\">\n\t\t\t\t\t\t\t\t\t\t\t<a href=\"https:\/\/ma-weddingstudio.pl\/index.php\/ewelina-kuba\">\n\t\t\t\t\t\t\t<img decoding=\"async\" width=\"768\" height=\"768\" src=\"https:\/\/ma-weddingstudio.pl\/wp-content\/uploads\/2022\/01\/EJ-26.06.2021-102-of-859-\u2014-kopia-55-768x768.jpg\" class=\"elementor-animation-grow attachment-medium_large size-medium_large\" alt=\"\" srcset=\"https:\/\/ma-weddingstudio.pl\/wp-content\/uploads\/2022\/01\/EJ-26.06.2021-102-of-859-\u2014-kopia-55-768x768.jpg 768w, https:\/\/ma-weddingstudio.pl\/wp-content\/uploads\/2022\/01\/EJ-26.06.2021-102-of-859-\u2014-kopia-55-300x300.jpg 300w, https:\/\/ma-weddingstudio.pl\/wp-content\/uploads\/2022\/01\/EJ-26.06.2021-102-of-859-\u2014-kopia-55-150x150.jpg 150w\" sizes=\"(max-width: 768px) 100vw, 768px\" \/>\t\t\t\t\t\t\t\t<\/a>\n\t\t\t\t\t\t\t\t\t\t\t<\/div>\n\t\t\t\t<\/div>\n\t\t\t\t<\/div>\n\t\t\t\t<div class=\"elementor-element elementor-element-09f69a1 elementor-widget elementor-widget-heading\" data-id=\"09f69a1\" data-element_type=\"widget\" data-widget_type=\"heading.default\">\n\t\t\t\t<div class=\"elementor-widget-container\">\n\t\t\t<h2 class=\"elementor-heading-title elementor-size-default\">Ewelina & Kuba<\/h2>\t\t<\/div>\n\t\t\t\t<\/div>\n\t\t\t\t<div class=\"elementor-element elementor-element-af9f11d elementor-widget elementor-widget-heading\" data-id=\"af9f11d\" data-element_type=\"widget\" data-widget_type=\"heading.default\">\n\t\t\t\t<div class=\"elementor-widget-container\">\n\t\t\t<h6 class=\"elementor-heading-title elementor-size-default\">Czerwcowe wzruszenia w Roztocza\u0144skim Archipelagu<\/h6>\t\t<\/div>\n\t\t\t\t<\/div>\n\t\t\t\t<div class=\"elementor-element elementor-element-7605afa elementor-widget elementor-widget-text-editor\" data-id=\"7605afa\" data-element_type=\"widget\" data-widget_type=\"text-editor.default\">\n\t\t\t\t<div class=\"elementor-widget-container\">\n\t\t\t\t\t<div class=\"elementor-text-editor elementor-clearfix\"><p>26 Czerwca 2021 nale\u017ca\u0142 do Eweliny i Kuby! To fantastyczna para z pe\u0142n\u0105 doz\u0105 energii, za kt\u00f3r\u0105 nie spos\u00f3b nad\u0105\u017cy\u0107! Od razu poczuli\u015bmy, \u017ce &#8222;nadajemy na tych samych falach&#8221;. Ogromnie cenimy sobie podobne poczucie humoru, dlatego zawsze staramy si\u0119&#8230;<\/p><\/div>\n\t\t\t\t<\/div>\n\t\t\t\t<\/div>\n\t\t\t\t<div class=\"elementor-element elementor-element-0f68a7a elementor-button-danger elementor-align-center elementor-widget elementor-widget-button\" data-id=\"0f68a7a\" data-element_type=\"widget\" data-widget_type=\"button.default\">\n\t\t\t\t<div class=\"elementor-widget-container\">\n\t\t\t\t\t<div class=\"elementor-button-wrapper\">\n\t\t\t<a href=\"https:\/\/ma-weddingstudio.pl\/index.php\/ewelina-kuba\" class=\"elementor-button-link elementor-button elementor-size-md\" role=\"button\">\n\t\t\t\t\t\t<span class=\"elementor-button-content-wrapper\">\n\t\t\t\t\t\t<span class=\"elementor-button-text\">Zobacz wi\u0119cej<\/span>\n\t\t<\/span>\n\t\t\t\t\t<\/a>\n\t\t<\/div>\n\t\t\t\t<\/div>\n\t\t\t\t<\/div>\n\t\t\t\t<div class=\"elementor-element elementor-element-6fb40c2 elementor-widget-divider--view-line elementor-widget elementor-widget-divider\" data-id=\"6fb40c2\" data-element_type=\"widget\" data-widget_type=\"divider.default\">\n\t\t\t\t<div class=\"elementor-widget-container\">\n\t\t\t\t\t<div class=\"elementor-divider\">\n\t\t\t<span class=\"elementor-divider-separator\">\n\t\t\t\t\t\t<\/span>\n\t\t<\/div>\n\t\t\t\t<\/div>\n\t\t\t\t<\/div>\n\t\t\t\t\t\t<\/div>\n\t\t\t\t\t<\/div>\n\t\t<\/div>\n\t\t\t\t<div class=\"elementor-column elementor-col-33 elementor-top-column elementor-element elementor-element-367687f\" data-id=\"367687f\" data-element_type=\"column\">\n\t\t\t<div class=\"elementor-column-wrap elementor-element-populated\">\n\t\t\t\t\t\t\t<div class=\"elementor-widget-wrap\">\n\t\t\t\t\t\t<div class=\"elementor-element elementor-element-9327b60 elementor-widget elementor-widget-image\" data-id=\"9327b60\" data-element_type=\"widget\" data-widget_type=\"image.default\">\n\t\t\t\t<div class=\"elementor-widget-container\">\n\t\t\t\t\t<div class=\"elementor-image\">\n\t\t\t\t\t\t\t\t\t\t\t<a href=\"https:\/\/ma-weddingstudio.pl\/index.php\/kasia-wojtek-plener\/\">\n\t\t\t\t\t\t\t<img decoding=\"async\" width=\"768\" height=\"768\" src=\"https:\/\/ma-weddingstudio.pl\/wp-content\/uploads\/2023\/02\/KW-plener-55-of-90-768x768.jpg\" class=\"elementor-animation-grow attachment-medium_large size-medium_large\" alt=\"\" srcset=\"https:\/\/ma-weddingstudio.pl\/wp-content\/uploads\/2023\/02\/KW-plener-55-of-90-768x768.jpg 768w, https:\/\/ma-weddingstudio.pl\/wp-content\/uploads\/2023\/02\/KW-plener-55-of-90-300x300.jpg 300w, https:\/\/ma-weddingstudio.pl\/wp-content\/uploads\/2023\/02\/KW-plener-55-of-90-150x150.jpg 150w\" sizes=\"(max-width: 768px) 100vw, 768px\" \/>\t\t\t\t\t\t\t\t<\/a>\n\t\t\t\t\t\t\t\t\t\t\t<\/div>\n\t\t\t\t<\/div>\n\t\t\t\t<\/div>\n\t\t\t\t<div class=\"elementor-element elementor-element-95fedef elementor-widget elementor-widget-heading\" data-id=\"95fedef\" data-element_type=\"widget\" data-widget_type=\"heading.default\">\n\t\t\t\t<div class=\"elementor-widget-container\">\n\t\t\t<h2 class=\"elementor-heading-title elementor-size-default\">Kasia & Wojtek<\/h2>\t\t<\/div>\n\t\t\t\t<\/div>\n\t\t\t\t<div class=\"elementor-element elementor-element-dd2ee7b elementor-widget elementor-widget-heading\" data-id=\"dd2ee7b\" data-element_type=\"widget\" data-widget_type=\"heading.default\">\n\t\t\t\t<div class=\"elementor-widget-container\">\n\t\t\t<h6 class=\"elementor-heading-title elementor-size-default\">Plener na Podrzeszowskich pag\u00f3rkach<\/h6>\t\t<\/div>\n\t\t\t\t<\/div>\n\t\t\t\t<div class=\"elementor-element elementor-element-71fbf47 elementor-widget elementor-widget-text-editor\" data-id=\"71fbf47\" data-element_type=\"widget\" data-widget_type=\"text-editor.default\">\n\t\t\t\t<div class=\"elementor-widget-container\">\n\t\t\t\t\t<div class=\"elementor-text-editor elementor-clearfix\"><p>Uwielbiamy Rzeszowskie tereny ze wzgl\u0119du na niesamowite widoki! Ten klimat czuj\u0105 tak\u017ce Kasia i Wojtek! Mieli\u015bmy przyjemno\u015b\u0107 wykona\u0107 a\u017c dwa plenery! Pierwszy niedaleko Rzeszowa na pi\u0119knym wzniesieniu obok Niechobrza, a drugi raz spotkali\u015bmy si\u0119&#8230;<\/p><\/div>\n\t\t\t\t<\/div>\n\t\t\t\t<\/div>\n\t\t\t\t<div class=\"elementor-element elementor-element-eaa1b28 elementor-button-danger elementor-align-center elementor-widget elementor-widget-button\" data-id=\"eaa1b28\" data-element_type=\"widget\" data-widget_type=\"button.default\">\n\t\t\t\t<div class=\"elementor-widget-container\">\n\t\t\t\t\t<div class=\"elementor-button-wrapper\">\n\t\t\t<a href=\"https:\/\/ma-weddingstudio.pl\/index.php\/kasia-wojtek-plener\/\" class=\"elementor-button-link elementor-button elementor-size-md\" role=\"button\">\n\t\t\t\t\t\t<span class=\"elementor-button-content-wrapper\">\n\t\t\t\t\t\t<span class=\"elementor-button-text\">Zobacz wi\u0119cej<\/span>\n\t\t<\/span>\n\t\t\t\t\t<\/a>\n\t\t<\/div>\n\t\t\t\t<\/div>\n\t\t\t\t<\/div>\n\t\t\t\t<div class=\"elementor-element elementor-element-0f6f792 elementor-widget-divider--view-line elementor-widget elementor-widget-divider\" data-id=\"0f6f792\" data-element_type=\"widget\" data-widget_type=\"divider.default\">\n\t\t\t\t<div class=\"elementor-widget-container\">\n\t\t\t\t\t<div class=\"elementor-divider\">\n\t\t\t<span class=\"elementor-divider-separator\">\n\t\t\t\t\t\t<\/span>\n\t\t<\/div>\n\t\t\t\t<\/div>\n\t\t\t\t<\/div>\n\t\t\t\t\t\t<\/div>\n\t\t\t\t\t<\/div>\n\t\t<\/div>\n\t\t\t\t<div class=\"elementor-column elementor-col-33 elementor-top-column elementor-element elementor-element-fc3bce0\" data-id=\"fc3bce0\" data-element_type=\"column\">\n\t\t\t<div class=\"elementor-column-wrap elementor-element-populated\">\n\t\t\t\t\t\t\t<div class=\"elementor-widget-wrap\">\n\t\t\t\t\t\t<div class=\"elementor-element elementor-element-0e4e5d5 elementor-widget elementor-widget-image\" data-id=\"0e4e5d5\" data-element_type=\"widget\" data-widget_type=\"image.default\">\n\t\t\t\t<div class=\"elementor-widget-container\">\n\t\t\t\t\t<div class=\"elementor-image\">\n\t\t\t\t\t\t\t\t\t\t\t<a href=\"https:\/\/ma-weddingstudio.pl\/index.php\/kasia-wojtek\/\">\n\t\t\t\t\t\t\t<img decoding=\"async\" width=\"768\" height=\"768\" src=\"https:\/\/ma-weddingstudio.pl\/wp-content\/uploads\/2023\/02\/KW-23.04.2022-215-of-622-768x768.jpg\" class=\"elementor-animation-grow attachment-medium_large size-medium_large\" alt=\"\" srcset=\"https:\/\/ma-weddingstudio.pl\/wp-content\/uploads\/2023\/02\/KW-23.04.2022-215-of-622-768x768.jpg 768w, https:\/\/ma-weddingstudio.pl\/wp-content\/uploads\/2023\/02\/KW-23.04.2022-215-of-622-300x300.jpg 300w, https:\/\/ma-weddingstudio.pl\/wp-content\/uploads\/2023\/02\/KW-23.04.2022-215-of-622-150x150.jpg 150w\" sizes=\"(max-width: 768px) 100vw, 768px\" \/>\t\t\t\t\t\t\t\t<\/a>\n\t\t\t\t\t\t\t\t\t\t\t<\/div>\n\t\t\t\t<\/div>\n\t\t\t\t<\/div>\n\t\t\t\t<div class=\"elementor-element elementor-element-6ee5333 elementor-widget elementor-widget-heading\" data-id=\"6ee5333\" data-element_type=\"widget\" data-widget_type=\"heading.default\">\n\t\t\t\t<div class=\"elementor-widget-container\">\n\t\t\t<h2 class=\"elementor-heading-title elementor-size-default\">Kasia & Wojtek<\/h2>\t\t<\/div>\n\t\t\t\t<\/div>\n\t\t\t\t<div class=\"elementor-element elementor-element-80ee326 elementor-widget elementor-widget-heading\" data-id=\"80ee326\" data-element_type=\"widget\" data-widget_type=\"heading.default\">\n\t\t\t\t<div class=\"elementor-widget-container\">\n\t\t\t<h6 class=\"elementor-heading-title elementor-size-default\">Huczne chwile w \u017bo\u0142yniance<\/h6>\t\t<\/div>\n\t\t\t\t<\/div>\n\t\t\t\t<div class=\"elementor-element elementor-element-097c0ae elementor-widget elementor-widget-text-editor\" data-id=\"097c0ae\" data-element_type=\"widget\" data-widget_type=\"text-editor.default\">\n\t\t\t\t<div class=\"elementor-widget-container\">\n\t\t\t\t\t<div class=\"elementor-text-editor elementor-clearfix\"><p>Z Kasi\u0105 i Wojtkiem z\u0142apali\u015bmy wsp\u00f3lny j\u0119zyk ju\u017c podczas pierwszego spotkania! To fantastyczna para z pe\u0142n\u0105 doz\u0105 humoru i niezwyk\u0142\u0105 energi\u0105! Pomimo ko\u0144c\u00f3wki kwietnia pogoda dopisa\u0142a! Kasia zdecydowa\u0142a si\u0119 na delikatn\u0105 sukni\u0119 z&#8230;<\/p><\/div>\n\t\t\t\t<\/div>\n\t\t\t\t<\/div>\n\t\t\t\t<div class=\"elementor-element elementor-element-148eec1 elementor-button-danger elementor-align-center elementor-widget elementor-widget-button\" data-id=\"148eec1\" data-element_type=\"widget\" data-widget_type=\"button.default\">\n\t\t\t\t<div class=\"elementor-widget-container\">\n\t\t\t\t\t<div class=\"elementor-button-wrapper\">\n\t\t\t<a href=\"https:\/\/ma-weddingstudio.pl\/index.php\/kasia-wojtek\/\" class=\"elementor-button-link elementor-button elementor-size-md\" role=\"button\">\n\t\t\t\t\t\t<span class=\"elementor-button-content-wrapper\">\n\t\t\t\t\t\t<span class=\"elementor-button-text\">Zobacz wi\u0119cej<\/span>\n\t\t<\/span>\n\t\t\t\t\t<\/a>\n\t\t<\/div>\n\t\t\t\t<\/div>\n\t\t\t\t<\/div>\n\t\t\t\t<div class=\"elementor-element elementor-element-bc909b4 elementor-widget-divider--view-line elementor-widget elementor-widget-divider\" data-id=\"bc909b4\" data-element_type=\"widget\" data-widget_type=\"divider.default\">\n\t\t\t\t<div class=\"elementor-widget-container\">\n\t\t\t\t\t<div class=\"elementor-divider\">\n\t\t\t<span class=\"elementor-divider-separator\">\n\t\t\t\t\t\t<\/span>\n\t\t<\/div>\n\t\t\t\t<\/div>\n\t\t\t\t<\/div>\n\t\t\t\t\t\t<\/div>\n\t\t\t\t\t<\/div>\n\t\t<\/div>\n\t\t\t\t\t\t\t\t<\/div>\n\t\t\t\t\t<\/div>\n\t\t<\/section>\n\t\t\t\t<section class=\"elementor-section elementor-top-section elementor-element elementor-element-613b4cd elementor-section-stretched elementor-section-boxed elementor-section-height-default elementor-section-height-default\" data-id=\"613b4cd\" data-element_type=\"section\" data-settings=\"{&quot;stretch_section&quot;:&quot;section-stretched&quot;}\">\n\t\t\t\t\t\t<div class=\"elementor-container elementor-column-gap-default\">\n\t\t\t\t\t\t\t<div class=\"elementor-row\">\n\t\t\t\t\t\t\t\t\t<\/div>\n\t\t\t\t\t<\/div>\n\t\t<\/section>\n\t\t\t\t<section class=\"elementor-section elementor-top-section elementor-element elementor-element-5d26d81 elementor-section-stretched elementor-section-boxed elementor-section-height-default elementor-section-height-default\" data-id=\"5d26d81\" data-element_type=\"section\" data-settings=\"{&quot;stretch_section&quot;:&quot;section-stretched&quot;}\">\n\t\t\t\t\t\t<div class=\"elementor-container elementor-column-gap-default\">\n\t\t\t\t\t\t\t<div class=\"elementor-row\">\n\t\t\t\t\t<div class=\"elementor-column elementor-col-33 elementor-top-column elementor-element elementor-element-f85eaa2\" data-id=\"f85eaa2\" data-element_type=\"column\">\n\t\t\t<div class=\"elementor-column-wrap elementor-element-populated\">\n\t\t\t\t\t\t\t<div class=\"elementor-widget-wrap\">\n\t\t\t\t\t\t<div class=\"elementor-element elementor-element-d07e1bf elementor-widget elementor-widget-image\" data-id=\"d07e1bf\" data-element_type=\"widget\" data-widget_type=\"image.default\">\n\t\t\t\t<div class=\"elementor-widget-container\">\n\t\t\t\t\t<div class=\"elementor-image\">\n\t\t\t\t\t\t\t\t\t\t\t<a href=\"https:\/\/ma-weddingstudio.pl\/index.php\/ewelina-kuba-plener\">\n\t\t\t\t\t\t\t<img decoding=\"async\" width=\"768\" height=\"768\" src=\"https:\/\/ma-weddingstudio.pl\/wp-content\/uploads\/2022\/01\/EK-26.06.2021-851-of-851-49-768x768.jpg\" class=\"elementor-animation-grow attachment-medium_large size-medium_large\" alt=\"\" srcset=\"https:\/\/ma-weddingstudio.pl\/wp-content\/uploads\/2022\/01\/EK-26.06.2021-851-of-851-49-768x768.jpg 768w, https:\/\/ma-weddingstudio.pl\/wp-content\/uploads\/2022\/01\/EK-26.06.2021-851-of-851-49-300x300.jpg 300w, https:\/\/ma-weddingstudio.pl\/wp-content\/uploads\/2022\/01\/EK-26.06.2021-851-of-851-49-150x150.jpg 150w\" sizes=\"(max-width: 768px) 100vw, 768px\" \/>\t\t\t\t\t\t\t\t<\/a>\n\t\t\t\t\t\t\t\t\t\t\t<\/div>\n\t\t\t\t<\/div>\n\t\t\t\t<\/div>\n\t\t\t\t<div class=\"elementor-element elementor-element-88aabd4 elementor-widget elementor-widget-heading\" data-id=\"88aabd4\" data-element_type=\"widget\" data-widget_type=\"heading.default\">\n\t\t\t\t<div class=\"elementor-widget-container\">\n\t\t\t<h2 class=\"elementor-heading-title elementor-size-default\">Ewelina & Kuba<\/h2>\t\t<\/div>\n\t\t\t\t<\/div>\n\t\t\t\t<div class=\"elementor-element elementor-element-3833aec elementor-widget elementor-widget-heading\" data-id=\"3833aec\" data-element_type=\"widget\" data-widget_type=\"heading.default\">\n\t\t\t\t<div class=\"elementor-widget-container\">\n\t\t\t<h6 class=\"elementor-heading-title elementor-size-default\">Plener w barokowym zamku Lubomirskich<\/h6>\t\t<\/div>\n\t\t\t\t<\/div>\n\t\t\t\t<div class=\"elementor-element elementor-element-b571320 elementor-widget elementor-widget-text-editor\" data-id=\"b571320\" data-element_type=\"widget\" data-widget_type=\"text-editor.default\">\n\t\t\t\t<div class=\"elementor-widget-container\">\n\t\t\t\t\t<div class=\"elementor-text-editor elementor-clearfix\"><p>Zamek w \u0141a\u0144cucie jest dawn\u0105 rezydencj\u0105 magnack\u0105, kt\u00f3ra dzi\u015b jest jednym z najcz\u0119\u015bciej odwiedzanych muze\u00f3w na Podkarpaciu. To nieco inny klimat ni\u017c nasze ulubione plenery rustykalne, ale klimat barokowych budowli jest nam r\u00f3wnie bliski&#8230;<\/p><\/div>\n\t\t\t\t<\/div>\n\t\t\t\t<\/div>\n\t\t\t\t<div class=\"elementor-element elementor-element-b23e307 elementor-button-danger elementor-align-center elementor-widget elementor-widget-button\" data-id=\"b23e307\" data-element_type=\"widget\" data-widget_type=\"button.default\">\n\t\t\t\t<div class=\"elementor-widget-container\">\n\t\t\t\t\t<div class=\"elementor-button-wrapper\">\n\t\t\t<a href=\"https:\/\/ma-weddingstudio.pl\/index.php\/ewelina-kuba-plener\" class=\"elementor-button-link elementor-button elementor-size-md\" role=\"button\">\n\t\t\t\t\t\t<span class=\"elementor-button-content-wrapper\">\n\t\t\t\t\t\t<span class=\"elementor-button-text\">Zobacz wi\u0119cej<\/span>\n\t\t<\/span>\n\t\t\t\t\t<\/a>\n\t\t<\/div>\n\t\t\t\t<\/div>\n\t\t\t\t<\/div>\n\t\t\t\t<div class=\"elementor-element elementor-element-c3c3eb8 elementor-widget-divider--view-line elementor-widget elementor-widget-divider\" data-id=\"c3c3eb8\" data-element_type=\"widget\" data-widget_type=\"divider.default\">\n\t\t\t\t<div class=\"elementor-widget-container\">\n\t\t\t\t\t<div class=\"elementor-divider\">\n\t\t\t<span class=\"elementor-divider-separator\">\n\t\t\t\t\t\t<\/span>\n\t\t<\/div>\n\t\t\t\t<\/div>\n\t\t\t\t<\/div>\n\t\t\t\t\t\t<\/div>\n\t\t\t\t\t<\/div>\n\t\t<\/div>\n\t\t\t\t<div class=\"elementor-column elementor-col-33 elementor-top-column elementor-element elementor-element-fd6cc70\" data-id=\"fd6cc70\" data-element_type=\"column\">\n\t\t\t<div class=\"elementor-column-wrap elementor-element-populated\">\n\t\t\t\t\t\t\t<div class=\"elementor-widget-wrap\">\n\t\t\t\t\t\t<div class=\"elementor-element elementor-element-fd2a3eb elementor-widget elementor-widget-image\" data-id=\"fd2a3eb\" data-element_type=\"widget\" data-widget_type=\"image.default\">\n\t\t\t\t<div class=\"elementor-widget-container\">\n\t\t\t\t\t<div class=\"elementor-image\">\n\t\t\t\t\t\t\t\t\t\t\t<a href=\"https:\/\/ma-weddingstudio.pl\/index.php\/klaudia-mariusz\">\n\t\t\t\t\t\t\t<img decoding=\"async\" width=\"768\" height=\"768\" src=\"https:\/\/ma-weddingstudio.pl\/wp-content\/uploads\/2021\/08\/KM-12.06-130-of-336-768x768.jpg\" class=\"elementor-animation-grow attachment-medium_large size-medium_large\" alt=\"\" srcset=\"https:\/\/ma-weddingstudio.pl\/wp-content\/uploads\/2021\/08\/KM-12.06-130-of-336-768x768.jpg 768w, https:\/\/ma-weddingstudio.pl\/wp-content\/uploads\/2021\/08\/KM-12.06-130-of-336-300x300.jpg 300w, https:\/\/ma-weddingstudio.pl\/wp-content\/uploads\/2021\/08\/KM-12.06-130-of-336-150x150.jpg 150w\" sizes=\"(max-width: 768px) 100vw, 768px\" \/>\t\t\t\t\t\t\t\t<\/a>\n\t\t\t\t\t\t\t\t\t\t\t<\/div>\n\t\t\t\t<\/div>\n\t\t\t\t<\/div>\n\t\t\t\t<div class=\"elementor-element elementor-element-d53c2fa elementor-widget elementor-widget-heading\" data-id=\"d53c2fa\" data-element_type=\"widget\" data-widget_type=\"heading.default\">\n\t\t\t\t<div class=\"elementor-widget-container\">\n\t\t\t<h2 class=\"elementor-heading-title elementor-size-default\">Klaudia & Mariusz<\/h2>\t\t<\/div>\n\t\t\t\t<\/div>\n\t\t\t\t<div class=\"elementor-element elementor-element-5414ecf elementor-widget elementor-widget-heading\" data-id=\"5414ecf\" data-element_type=\"widget\" data-widget_type=\"heading.default\">\n\t\t\t\t<div class=\"elementor-widget-container\">\n\t\t\t<h6 class=\"elementor-heading-title elementor-size-default\">Plenerowy \u015blub w romantycznej altanie<\/h6>\t\t<\/div>\n\t\t\t\t<\/div>\n\t\t\t\t<div class=\"elementor-element elementor-element-3f4f957 elementor-widget elementor-widget-text-editor\" data-id=\"3f4f957\" data-element_type=\"widget\" data-widget_type=\"text-editor.default\">\n\t\t\t\t<div class=\"elementor-widget-container\">\n\t\t\t\t\t<div class=\"elementor-text-editor elementor-clearfix\"><p>Klaudia i Mariusz to nasza czerwcowa para, kt\u00f3ra zdecydowa\u0142a si\u0119 na romantyczny \u015blub w plenerze! Na sw\u00f3j wielki dzie\u0144 Klaudia wybra\u0142a przepi\u0119kn\u0105 b\u0142yszcz\u0105c\u0105 sukni\u0119, kt\u00f3ra w po\u0142\u0105czeniu z gustownymi dekoracjami nada\u0142a ca\u0142ej uroczysto\u015bci styl glamour&#8230;<\/p><\/div>\n\t\t\t\t<\/div>\n\t\t\t\t<\/div>\n\t\t\t\t<div class=\"elementor-element elementor-element-448a485 elementor-button-danger elementor-align-center elementor-widget elementor-widget-button\" data-id=\"448a485\" data-element_type=\"widget\" data-widget_type=\"button.default\">\n\t\t\t\t<div class=\"elementor-widget-container\">\n\t\t\t\t\t<div class=\"elementor-button-wrapper\">\n\t\t\t<a href=\"https:\/\/ma-weddingstudio.pl\/index.php\/klaudia-mariusz\" class=\"elementor-button-link elementor-button elementor-size-md\" role=\"button\">\n\t\t\t\t\t\t<span class=\"elementor-button-content-wrapper\">\n\t\t\t\t\t\t<span class=\"elementor-button-text\">Zobacz wi\u0119cej<\/span>\n\t\t<\/span>\n\t\t\t\t\t<\/a>\n\t\t<\/div>\n\t\t\t\t<\/div>\n\t\t\t\t<\/div>\n\t\t\t\t<div class=\"elementor-element elementor-element-ea880f2 elementor-widget-divider--view-line elementor-widget elementor-widget-divider\" data-id=\"ea880f2\" data-element_type=\"widget\" data-widget_type=\"divider.default\">\n\t\t\t\t<div class=\"elementor-widget-container\">\n\t\t\t\t\t<div class=\"elementor-divider\">\n\t\t\t<span class=\"elementor-divider-separator\">\n\t\t\t\t\t\t<\/span>\n\t\t<\/div>\n\t\t\t\t<\/div>\n\t\t\t\t<\/div>\n\t\t\t\t\t\t<\/div>\n\t\t\t\t\t<\/div>\n\t\t<\/div>\n\t\t\t\t<div class=\"elementor-column elementor-col-33 elementor-top-column elementor-element elementor-element-68802b8\" data-id=\"68802b8\" data-element_type=\"column\">\n\t\t\t<div class=\"elementor-column-wrap elementor-element-populated\">\n\t\t\t\t\t\t\t<div class=\"elementor-widget-wrap\">\n\t\t\t\t\t\t<div class=\"elementor-element elementor-element-cf68989 elementor-widget elementor-widget-image\" data-id=\"cf68989\" data-element_type=\"widget\" data-widget_type=\"image.default\">\n\t\t\t\t<div class=\"elementor-widget-container\">\n\t\t\t\t\t<div class=\"elementor-image\">\n\t\t\t\t\t\t\t\t\t\t\t<a href=\"https:\/\/ma-weddingstudio.pl\/index.php\/klaudia-mariusz-plener\">\n\t\t\t\t\t\t\t<img decoding=\"async\" width=\"768\" height=\"768\" src=\"https:\/\/ma-weddingstudio.pl\/wp-content\/uploads\/2021\/08\/KM-12.06-301-of-336-768x768.jpg\" class=\"elementor-animation-grow attachment-medium_large size-medium_large\" alt=\"\" srcset=\"https:\/\/ma-weddingstudio.pl\/wp-content\/uploads\/2021\/08\/KM-12.06-301-of-336-768x768.jpg 768w, https:\/\/ma-weddingstudio.pl\/wp-content\/uploads\/2021\/08\/KM-12.06-301-of-336-300x300.jpg 300w, https:\/\/ma-weddingstudio.pl\/wp-content\/uploads\/2021\/08\/KM-12.06-301-of-336-150x150.jpg 150w\" sizes=\"(max-width: 768px) 100vw, 768px\" \/>\t\t\t\t\t\t\t\t<\/a>\n\t\t\t\t\t\t\t\t\t\t\t<\/div>\n\t\t\t\t<\/div>\n\t\t\t\t<\/div>\n\t\t\t\t<div class=\"elementor-element elementor-element-3be6c13 elementor-widget elementor-widget-heading\" data-id=\"3be6c13\" data-element_type=\"widget\" data-widget_type=\"heading.default\">\n\t\t\t\t<div class=\"elementor-widget-container\">\n\t\t\t<h2 class=\"elementor-heading-title elementor-size-default\">Klaudia & Mariusz<\/h2>\t\t<\/div>\n\t\t\t\t<\/div>\n\t\t\t\t<div class=\"elementor-element elementor-element-15b51dc elementor-widget elementor-widget-heading\" data-id=\"15b51dc\" data-element_type=\"widget\" data-widget_type=\"heading.default\">\n\t\t\t\t<div class=\"elementor-widget-container\">\n\t\t\t<h6 class=\"elementor-heading-title elementor-size-default\">Plener nad g\u0142ogowskim stawem<\/h6>\t\t<\/div>\n\t\t\t\t<\/div>\n\t\t\t\t<div class=\"elementor-element elementor-element-25cf821 elementor-widget elementor-widget-text-editor\" data-id=\"25cf821\" data-element_type=\"widget\" data-widget_type=\"text-editor.default\">\n\t\t\t\t<div class=\"elementor-widget-container\">\n\t\t\t\t\t<div class=\"elementor-text-editor elementor-clearfix\"><p>Jednog\u0142o\u015bnie stwierdzili\u015bmy razem z Klaudi\u0105 i Mariuszem, \u017ce staw w G\u0142ogowie to idealne miejsce na plener. Otoczenie lasu, kt\u00f3ry odbija si\u0119 w tafli wody nada\u0142 romantyzmu ca\u0142ej kompozycji. Zawsze staramy si\u0119 znale\u017a\u0107 wyj\u0105tkowe miejsce na&#8230;<\/p><\/div>\n\t\t\t\t<\/div>\n\t\t\t\t<\/div>\n\t\t\t\t<div class=\"elementor-element elementor-element-3a25781 elementor-button-danger elementor-align-center elementor-widget elementor-widget-button\" data-id=\"3a25781\" data-element_type=\"widget\" data-widget_type=\"button.default\">\n\t\t\t\t<div class=\"elementor-widget-container\">\n\t\t\t\t\t<div class=\"elementor-button-wrapper\">\n\t\t\t<a href=\"https:\/\/ma-weddingstudio.pl\/index.php\/klaudia-mariusz-plener\" class=\"elementor-button-link elementor-button elementor-size-md\" role=\"button\">\n\t\t\t\t\t\t<span class=\"elementor-button-content-wrapper\">\n\t\t\t\t\t\t<span class=\"elementor-button-text\">Zobacz wi\u0119cej<\/span>\n\t\t<\/span>\n\t\t\t\t\t<\/a>\n\t\t<\/div>\n\t\t\t\t<\/div>\n\t\t\t\t<\/div>\n\t\t\t\t<div class=\"elementor-element elementor-element-760f12d elementor-widget-divider--view-line elementor-widget elementor-widget-divider\" data-id=\"760f12d\" data-element_type=\"widget\" data-widget_type=\"divider.default\">\n\t\t\t\t<div class=\"elementor-widget-container\">\n\t\t\t\t\t<div class=\"elementor-divider\">\n\t\t\t<span class=\"elementor-divider-separator\">\n\t\t\t\t\t\t<\/span>\n\t\t<\/div>\n\t\t\t\t<\/div>\n\t\t\t\t<\/div>\n\t\t\t\t\t\t<\/div>\n\t\t\t\t\t<\/div>\n\t\t<\/div>\n\t\t\t\t\t\t\t\t<\/div>\n\t\t\t\t\t<\/div>\n\t\t<\/section>\n\t\t\t\t<section class=\"elementor-section elementor-top-section elementor-element elementor-element-84ae841 elementor-section-stretched elementor-section-boxed elementor-section-height-default elementor-section-height-default\" data-id=\"84ae841\" data-element_type=\"section\" data-settings=\"{&quot;stretch_section&quot;:&quot;section-stretched&quot;}\">\n\t\t\t\t\t\t<div class=\"elementor-container elementor-column-gap-default\">\n\t\t\t\t\t\t\t<div class=\"elementor-row\">\n\t\t\t\t\t<div class=\"elementor-column elementor-col-33 elementor-top-column elementor-element elementor-element-e97c816\" data-id=\"e97c816\" data-element_type=\"column\">\n\t\t\t<div class=\"elementor-column-wrap elementor-element-populated\">\n\t\t\t\t\t\t\t<div class=\"elementor-widget-wrap\">\n\t\t\t\t\t\t<div class=\"elementor-element elementor-element-dfca2eb elementor-widget elementor-widget-image\" data-id=\"dfca2eb\" data-element_type=\"widget\" data-widget_type=\"image.default\">\n\t\t\t\t<div class=\"elementor-widget-container\">\n\t\t\t\t\t<div class=\"elementor-image\">\n\t\t\t\t\t\t\t\t\t\t\t<a href=\"https:\/\/ma-weddingstudio.pl\/index.php\/wiola-marcin-plener\/\">\n\t\t\t\t\t\t\t<img decoding=\"async\" width=\"768\" height=\"768\" src=\"https:\/\/ma-weddingstudio.pl\/wp-content\/uploads\/2022\/02\/WM-21.08.2021-614-of-653-768x768.jpg\" class=\"elementor-animation-grow attachment-medium_large size-medium_large\" alt=\"\" srcset=\"https:\/\/ma-weddingstudio.pl\/wp-content\/uploads\/2022\/02\/WM-21.08.2021-614-of-653-768x768.jpg 768w, https:\/\/ma-weddingstudio.pl\/wp-content\/uploads\/2022\/02\/WM-21.08.2021-614-of-653-300x300.jpg 300w, https:\/\/ma-weddingstudio.pl\/wp-content\/uploads\/2022\/02\/WM-21.08.2021-614-of-653-150x150.jpg 150w\" sizes=\"(max-width: 768px) 100vw, 768px\" \/>\t\t\t\t\t\t\t\t<\/a>\n\t\t\t\t\t\t\t\t\t\t\t<\/div>\n\t\t\t\t<\/div>\n\t\t\t\t<\/div>\n\t\t\t\t<div class=\"elementor-element elementor-element-53a0e2c elementor-widget elementor-widget-heading\" data-id=\"53a0e2c\" data-element_type=\"widget\" data-widget_type=\"heading.default\">\n\t\t\t\t<div class=\"elementor-widget-container\">\n\t\t\t<h2 class=\"elementor-heading-title elementor-size-default\">Wiola & Marcin<\/h2>\t\t<\/div>\n\t\t\t\t<\/div>\n\t\t\t\t<div class=\"elementor-element elementor-element-1275273 elementor-widget elementor-widget-heading\" data-id=\"1275273\" data-element_type=\"widget\" data-widget_type=\"heading.default\">\n\t\t\t\t<div class=\"elementor-widget-container\">\n\t\t\t<h6 class=\"elementor-heading-title elementor-size-default\">Podkarpackie Przymiarki obok Krosna<\/h6>\t\t<\/div>\n\t\t\t\t<\/div>\n\t\t\t\t<div class=\"elementor-element elementor-element-3a637cf elementor-widget elementor-widget-text-editor\" data-id=\"3a637cf\" data-element_type=\"widget\" data-widget_type=\"text-editor.default\">\n\t\t\t\t<div class=\"elementor-widget-container\">\n\t\t\t\t\t<div class=\"elementor-text-editor elementor-clearfix\"><p>Nie trzeba jecha\u0107 w bieszczady, \u017ceby poczu\u0107 prawdziwy g\u00f3rski klimat!\u00a0<br \/>Przymiarki obok Krosna to grzbiet w Beskidzie niskim. Przy dobrej widoczno\u015bci wida\u0107 stamt\u0105d Tatry! To jedno z naszych ulubionych miejsc, do kt\u00f3rego ochoczo zabieramy&#8230;<\/p><\/div>\n\t\t\t\t<\/div>\n\t\t\t\t<\/div>\n\t\t\t\t<div class=\"elementor-element elementor-element-9dfb676 elementor-button-danger elementor-align-center elementor-widget elementor-widget-button\" data-id=\"9dfb676\" data-element_type=\"widget\" data-widget_type=\"button.default\">\n\t\t\t\t<div class=\"elementor-widget-container\">\n\t\t\t\t\t<div class=\"elementor-button-wrapper\">\n\t\t\t<a href=\"https:\/\/ma-weddingstudio.pl\/index.php\/wiola-marcin-plener\/\" class=\"elementor-button-link elementor-button elementor-size-md\" role=\"button\">\n\t\t\t\t\t\t<span class=\"elementor-button-content-wrapper\">\n\t\t\t\t\t\t<span class=\"elementor-button-text\">Zobacz wi\u0119cej<\/span>\n\t\t<\/span>\n\t\t\t\t\t<\/a>\n\t\t<\/div>\n\t\t\t\t<\/div>\n\t\t\t\t<\/div>\n\t\t\t\t<div class=\"elementor-element elementor-element-b270082 elementor-widget-divider--view-line elementor-widget elementor-widget-divider\" data-id=\"b270082\" data-element_type=\"widget\" data-widget_type=\"divider.default\">\n\t\t\t\t<div class=\"elementor-widget-container\">\n\t\t\t\t\t<div class=\"elementor-divider\">\n\t\t\t<span class=\"elementor-divider-separator\">\n\t\t\t\t\t\t<\/span>\n\t\t<\/div>\n\t\t\t\t<\/div>\n\t\t\t\t<\/div>\n\t\t\t\t\t\t<\/div>\n\t\t\t\t\t<\/div>\n\t\t<\/div>\n\t\t\t\t<div class=\"elementor-column elementor-col-33 elementor-top-column elementor-element elementor-element-43b52be\" data-id=\"43b52be\" data-element_type=\"column\">\n\t\t\t<div class=\"elementor-column-wrap elementor-element-populated\">\n\t\t\t\t\t\t\t<div class=\"elementor-widget-wrap\">\n\t\t\t\t\t\t<div class=\"elementor-element elementor-element-db61c5d elementor-widget elementor-widget-image\" data-id=\"db61c5d\" data-element_type=\"widget\" data-widget_type=\"image.default\">\n\t\t\t\t<div class=\"elementor-widget-container\">\n\t\t\t\t\t<div class=\"elementor-image\">\n\t\t\t\t\t\t\t\t\t\t\t<a href=\"https:\/\/ma-weddingstudio.pl\/index.php\/agnieszka-piotr-2\/\">\n\t\t\t\t\t\t\t<img decoding=\"async\" width=\"768\" height=\"768\" src=\"https:\/\/ma-weddingstudio.pl\/wp-content\/uploads\/2020\/01\/DSC_0464-768x768.jpg\" class=\"elementor-animation-grow attachment-medium_large size-medium_large\" alt=\"\" srcset=\"https:\/\/ma-weddingstudio.pl\/wp-content\/uploads\/2020\/01\/DSC_0464-768x768.jpg 768w, https:\/\/ma-weddingstudio.pl\/wp-content\/uploads\/2020\/01\/DSC_0464-150x150.jpg 150w, https:\/\/ma-weddingstudio.pl\/wp-content\/uploads\/2020\/01\/DSC_0464-300x300.jpg 300w, https:\/\/ma-weddingstudio.pl\/wp-content\/uploads\/2020\/01\/DSC_0464-1024x1024.jpg 1024w\" sizes=\"(max-width: 768px) 100vw, 768px\" \/>\t\t\t\t\t\t\t\t<\/a>\n\t\t\t\t\t\t\t\t\t\t\t<\/div>\n\t\t\t\t<\/div>\n\t\t\t\t<\/div>\n\t\t\t\t<div class=\"elementor-element elementor-element-7c6551c elementor-widget elementor-widget-heading\" data-id=\"7c6551c\" data-element_type=\"widget\" data-widget_type=\"heading.default\">\n\t\t\t\t<div class=\"elementor-widget-container\">\n\t\t\t<h2 class=\"elementor-heading-title elementor-size-default\">Agnieszka &amp; Piotr<\/h2>\t\t<\/div>\n\t\t\t\t<\/div>\n\t\t\t\t<div class=\"elementor-element elementor-element-b0ea5a2 elementor-widget elementor-widget-heading\" data-id=\"b0ea5a2\" data-element_type=\"widget\" data-widget_type=\"heading.default\">\n\t\t\t\t<div class=\"elementor-widget-container\">\n\t\t\t<h6 class=\"elementor-heading-title elementor-size-default\"><h2 class=\"elementor-heading-title elementor-size-default elementor-inline-editing pen\" data-elementor-setting-key=\"title\" data-pen-placeholder=\"Pisz tutaj...\" style=\"letter-spacing: normal; text-align: center;\">Rustykalna sesja w otoczeniu lasu<br><\/h2><\/h6>\t\t<\/div>\n\t\t\t\t<\/div>\n\t\t\t\t<div class=\"elementor-element elementor-element-0bc3eb8 elementor-widget elementor-widget-text-editor\" data-id=\"0bc3eb8\" data-element_type=\"widget\" data-widget_type=\"text-editor.default\">\n\t\t\t\t<div class=\"elementor-widget-container\">\n\t\t\t\t\t<div class=\"elementor-text-editor elementor-clearfix\"><p>To by\u0142 niesamowity plener, kt\u00f3ry do tej pory gor\u0105co wspominamy! Las, natura i ONI. Pi\u0119kni i pe\u0142ni mi\u0142o\u015bci! Niesamowity klimat zapewni\u0142y rownie\u017c drzwi kwiatowe, kt\u00f3re dope\u0142ni\u0142y ca\u0142oksztat sesji rustykalnej. Uwielbiamy pe\u0142ni\u0119 emocji na zdj\u0119cach, a tak\u017ce&#8230;<\/p><\/div>\n\t\t\t\t<\/div>\n\t\t\t\t<\/div>\n\t\t\t\t<div class=\"elementor-element elementor-element-277b073 elementor-button-danger elementor-align-center elementor-widget elementor-widget-button\" data-id=\"277b073\" data-element_type=\"widget\" data-widget_type=\"button.default\">\n\t\t\t\t<div class=\"elementor-widget-container\">\n\t\t\t\t\t<div class=\"elementor-button-wrapper\">\n\t\t\t<a href=\"https:\/\/ma-weddingstudio.pl\/index.php\/agnieszka-piotr-2\/\" class=\"elementor-button-link elementor-button elementor-size-md\" role=\"button\">\n\t\t\t\t\t\t<span class=\"elementor-button-content-wrapper\">\n\t\t\t\t\t\t<span class=\"elementor-button-text\">Zobacz wi\u0119cej<\/span>\n\t\t<\/span>\n\t\t\t\t\t<\/a>\n\t\t<\/div>\n\t\t\t\t<\/div>\n\t\t\t\t<\/div>\n\t\t\t\t<div class=\"elementor-element elementor-element-db360fe elementor-widget-divider--view-line elementor-widget elementor-widget-divider\" data-id=\"db360fe\" data-element_type=\"widget\" data-widget_type=\"divider.default\">\n\t\t\t\t<div class=\"elementor-widget-container\">\n\t\t\t\t\t<div class=\"elementor-divider\">\n\t\t\t<span class=\"elementor-divider-separator\">\n\t\t\t\t\t\t<\/span>\n\t\t<\/div>\n\t\t\t\t<\/div>\n\t\t\t\t<\/div>\n\t\t\t\t\t\t<\/div>\n\t\t\t\t\t<\/div>\n\t\t<\/div>\n\t\t\t\t<div class=\"elementor-column elementor-col-33 elementor-top-column elementor-element elementor-element-a076fb1\" data-id=\"a076fb1\" data-element_type=\"column\">\n\t\t\t<div class=\"elementor-column-wrap elementor-element-populated\">\n\t\t\t\t\t\t\t<div class=\"elementor-widget-wrap\">\n\t\t\t\t\t\t<div class=\"elementor-element elementor-element-b04c614 elementor-widget elementor-widget-image\" data-id=\"b04c614\" data-element_type=\"widget\" data-widget_type=\"image.default\">\n\t\t\t\t<div class=\"elementor-widget-container\">\n\t\t\t\t\t<div class=\"elementor-image\">\n\t\t\t\t\t\t\t\t\t\t\t<a href=\"https:\/\/ma-weddingstudio.pl\/index.php\/wiola-marcin\/\">\n\t\t\t\t\t\t\t<img decoding=\"async\" width=\"768\" height=\"768\" src=\"https:\/\/ma-weddingstudio.pl\/wp-content\/uploads\/2022\/02\/WM-21.08.2021-362-of-653-768x768.jpg\" class=\"elementor-animation-grow attachment-medium_large size-medium_large\" alt=\"\" srcset=\"https:\/\/ma-weddingstudio.pl\/wp-content\/uploads\/2022\/02\/WM-21.08.2021-362-of-653-768x768.jpg 768w, https:\/\/ma-weddingstudio.pl\/wp-content\/uploads\/2022\/02\/WM-21.08.2021-362-of-653-300x300.jpg 300w, https:\/\/ma-weddingstudio.pl\/wp-content\/uploads\/2022\/02\/WM-21.08.2021-362-of-653-150x150.jpg 150w\" sizes=\"(max-width: 768px) 100vw, 768px\" \/>\t\t\t\t\t\t\t\t<\/a>\n\t\t\t\t\t\t\t\t\t\t\t<\/div>\n\t\t\t\t<\/div>\n\t\t\t\t<\/div>\n\t\t\t\t<div class=\"elementor-element elementor-element-016d9c2 elementor-widget elementor-widget-heading\" data-id=\"016d9c2\" data-element_type=\"widget\" data-widget_type=\"heading.default\">\n\t\t\t\t<div class=\"elementor-widget-container\">\n\t\t\t<h2 class=\"elementor-heading-title elementor-size-default\">Wiola & Marcin<\/h2>\t\t<\/div>\n\t\t\t\t<\/div>\n\t\t\t\t<div class=\"elementor-element elementor-element-d7a6fec elementor-widget elementor-widget-heading\" data-id=\"d7a6fec\" data-element_type=\"widget\" data-widget_type=\"heading.default\">\n\t\t\t\t<div class=\"elementor-widget-container\">\n\t\t\t<h6 class=\"elementor-heading-title elementor-size-default\">Wesele Glamour w \u017co\u0142yniance<\/h6>\t\t<\/div>\n\t\t\t\t<\/div>\n\t\t\t\t<div class=\"elementor-element elementor-element-a5d76ce elementor-widget elementor-widget-text-editor\" data-id=\"a5d76ce\" data-element_type=\"widget\" data-widget_type=\"text-editor.default\">\n\t\t\t\t<div class=\"elementor-widget-container\">\n\t\t\t\t\t<div class=\"elementor-text-editor elementor-clearfix\"><p>Wiola i Marcin to prawdziwe wulkany emocji i energii! Nie spos\u00f3b za nimi nad\u0105\u017cy\u0107! Podobnie jak za nami ;D Wiola zdecydowa\u0142a si\u0119 na sukni\u0119 w stylu ksi\u0119\u017cniczki, co w po\u0142\u0105czeniu z klasycznymi dodatkami i delikatnym makija\u017cem sprawi\u0142o, \u017ce nie&#8230;<\/p><\/div>\n\t\t\t\t<\/div>\n\t\t\t\t<\/div>\n\t\t\t\t<div class=\"elementor-element elementor-element-42baf66 elementor-button-danger elementor-align-center elementor-widget elementor-widget-button\" data-id=\"42baf66\" data-element_type=\"widget\" data-widget_type=\"button.default\">\n\t\t\t\t<div class=\"elementor-widget-container\">\n\t\t\t\t\t<div class=\"elementor-button-wrapper\">\n\t\t\t<a href=\"https:\/\/ma-weddingstudio.pl\/index.php\/wiola-marcin\/\" class=\"elementor-button-link elementor-button elementor-size-md\" role=\"button\">\n\t\t\t\t\t\t<span class=\"elementor-button-content-wrapper\">\n\t\t\t\t\t\t<span class=\"elementor-button-text\">Zobacz wi\u0119cej<\/span>\n\t\t<\/span>\n\t\t\t\t\t<\/a>\n\t\t<\/div>\n\t\t\t\t<\/div>\n\t\t\t\t<\/div>\n\t\t\t\t<div class=\"elementor-element elementor-element-2e7fc79 elementor-widget-divider--view-line elementor-widget elementor-widget-divider\" data-id=\"2e7fc79\" data-element_type=\"widget\" data-widget_type=\"divider.default\">\n\t\t\t\t<div class=\"elementor-widget-container\">\n\t\t\t\t\t<div class=\"elementor-divider\">\n\t\t\t<span class=\"elementor-divider-separator\">\n\t\t\t\t\t\t<\/span>\n\t\t<\/div>\n\t\t\t\t<\/div>\n\t\t\t\t<\/div>\n\t\t\t\t\t\t<\/div>\n\t\t\t\t\t<\/div>\n\t\t<\/div>\n\t\t\t\t\t\t\t\t<\/div>\n\t\t\t\t\t<\/div>\n\t\t<\/section>\n\t\t\t\t<section class=\"elementor-section elementor-top-section elementor-element elementor-element-5181add elementor-section-stretched elementor-section-boxed elementor-section-height-default elementor-section-height-default\" data-id=\"5181add\" data-element_type=\"section\" data-settings=\"{&quot;stretch_section&quot;:&quot;section-stretched&quot;}\">\n\t\t\t\t\t\t<div class=\"elementor-container elementor-column-gap-default\">\n\t\t\t\t\t\t\t<div class=\"elementor-row\">\n\t\t\t\t\t<div class=\"elementor-column elementor-col-33 elementor-top-column elementor-element elementor-element-a02ad0a\" data-id=\"a02ad0a\" data-element_type=\"column\">\n\t\t\t<div class=\"elementor-column-wrap elementor-element-populated\">\n\t\t\t\t\t\t\t<div class=\"elementor-widget-wrap\">\n\t\t\t\t\t\t<div class=\"elementor-element elementor-element-a184c54 elementor-widget elementor-widget-image\" data-id=\"a184c54\" data-element_type=\"widget\" data-widget_type=\"image.default\">\n\t\t\t\t<div class=\"elementor-widget-container\">\n\t\t\t\t\t<div class=\"elementor-image\">\n\t\t\t\t\t\t\t\t\t\t\t<a href=\"https:\/\/ma-weddingstudio.pl\/index.php\/ola-kuba-plener\/\">\n\t\t\t\t\t\t\t<img decoding=\"async\" width=\"768\" height=\"768\" src=\"https:\/\/ma-weddingstudio.pl\/wp-content\/uploads\/2022\/02\/OK-10.07.2021-701-of-741-25-768x768.jpg\" class=\"elementor-animation-grow attachment-medium_large size-medium_large\" alt=\"\" srcset=\"https:\/\/ma-weddingstudio.pl\/wp-content\/uploads\/2022\/02\/OK-10.07.2021-701-of-741-25-768x768.jpg 768w, https:\/\/ma-weddingstudio.pl\/wp-content\/uploads\/2022\/02\/OK-10.07.2021-701-of-741-25-300x300.jpg 300w, https:\/\/ma-weddingstudio.pl\/wp-content\/uploads\/2022\/02\/OK-10.07.2021-701-of-741-25-150x150.jpg 150w\" sizes=\"(max-width: 768px) 100vw, 768px\" \/>\t\t\t\t\t\t\t\t<\/a>\n\t\t\t\t\t\t\t\t\t\t\t<\/div>\n\t\t\t\t<\/div>\n\t\t\t\t<\/div>\n\t\t\t\t<div class=\"elementor-element elementor-element-de4645b elementor-widget elementor-widget-heading\" data-id=\"de4645b\" data-element_type=\"widget\" data-widget_type=\"heading.default\">\n\t\t\t\t<div class=\"elementor-widget-container\">\n\t\t\t<h2 class=\"elementor-heading-title elementor-size-default\">Ola & Kuba<\/h2>\t\t<\/div>\n\t\t\t\t<\/div>\n\t\t\t\t<div class=\"elementor-element elementor-element-1a4844c elementor-widget elementor-widget-heading\" data-id=\"1a4844c\" data-element_type=\"widget\" data-widget_type=\"heading.default\">\n\t\t\t\t<div class=\"elementor-widget-container\">\n\t\t\t<h6 class=\"elementor-heading-title elementor-size-default\">Rustykalny plener w le\u015bnym klimacie<\/h6>\t\t<\/div>\n\t\t\t\t<\/div>\n\t\t\t\t<div class=\"elementor-element elementor-element-3eea5df elementor-widget elementor-widget-text-editor\" data-id=\"3eea5df\" data-element_type=\"widget\" data-widget_type=\"text-editor.default\">\n\t\t\t\t<div class=\"elementor-widget-container\">\n\t\t\t\t\t<div class=\"elementor-text-editor elementor-clearfix\"><p>Lasy, Jeziora, g\u00f3ry \u2013 to jedne z najcz\u0119stszych miejsc, kt\u00f3re wybieramy razem z naszymi parami na sesj\u0119 plenerow\u0105. Te przestrzenie maj\u0105 w sobie jaki\u015b magiczny klimat. \u015awiat zwalnia, mo\u017cemy skupi\u0107 si\u0119 na najpi\u0119kniejszych emocjach i chwyta\u0107 chwil\u0119 \ud83d\ude09&#8230;<\/p><\/div>\n\t\t\t\t<\/div>\n\t\t\t\t<\/div>\n\t\t\t\t<div class=\"elementor-element elementor-element-f24d9da elementor-button-danger elementor-align-center elementor-widget elementor-widget-button\" data-id=\"f24d9da\" data-element_type=\"widget\" data-widget_type=\"button.default\">\n\t\t\t\t<div class=\"elementor-widget-container\">\n\t\t\t\t\t<div class=\"elementor-button-wrapper\">\n\t\t\t<a href=\"https:\/\/ma-weddingstudio.pl\/index.php\/ola-kuba-plener\/\" class=\"elementor-button-link elementor-button elementor-size-md\" role=\"button\">\n\t\t\t\t\t\t<span class=\"elementor-button-content-wrapper\">\n\t\t\t\t\t\t<span class=\"elementor-button-text\">Zobacz wi\u0119cej<\/span>\n\t\t<\/span>\n\t\t\t\t\t<\/a>\n\t\t<\/div>\n\t\t\t\t<\/div>\n\t\t\t\t<\/div>\n\t\t\t\t<div class=\"elementor-element elementor-element-c1bdf01 elementor-widget-divider--view-line elementor-widget elementor-widget-divider\" data-id=\"c1bdf01\" data-element_type=\"widget\" data-widget_type=\"divider.default\">\n\t\t\t\t<div class=\"elementor-widget-container\">\n\t\t\t\t\t<div class=\"elementor-divider\">\n\t\t\t<span class=\"elementor-divider-separator\">\n\t\t\t\t\t\t<\/span>\n\t\t<\/div>\n\t\t\t\t<\/div>\n\t\t\t\t<\/div>\n\t\t\t\t\t\t<\/div>\n\t\t\t\t\t<\/div>\n\t\t<\/div>\n\t\t\t\t<div class=\"elementor-column elementor-col-33 elementor-top-column elementor-element elementor-element-0443e2e\" data-id=\"0443e2e\" data-element_type=\"column\">\n\t\t\t<div class=\"elementor-column-wrap elementor-element-populated\">\n\t\t\t\t\t\t\t<div class=\"elementor-widget-wrap\">\n\t\t\t\t\t\t<div class=\"elementor-element elementor-element-05903d1 elementor-widget elementor-widget-image\" data-id=\"05903d1\" data-element_type=\"widget\" data-widget_type=\"image.default\">\n\t\t\t\t<div class=\"elementor-widget-container\">\n\t\t\t\t\t<div class=\"elementor-image\">\n\t\t\t\t\t\t\t\t\t\t\t<a href=\"https:\/\/ma-weddingstudio.pl\/index.php\/ania-konrad\/\">\n\t\t\t\t\t\t\t<img decoding=\"async\" width=\"768\" height=\"768\" src=\"https:\/\/ma-weddingstudio.pl\/wp-content\/uploads\/2020\/01\/DSC_0089-768x768.jpg\" class=\"elementor-animation-grow attachment-medium_large size-medium_large\" alt=\"\" srcset=\"https:\/\/ma-weddingstudio.pl\/wp-content\/uploads\/2020\/01\/DSC_0089-768x768.jpg 768w, https:\/\/ma-weddingstudio.pl\/wp-content\/uploads\/2020\/01\/DSC_0089-150x150.jpg 150w, https:\/\/ma-weddingstudio.pl\/wp-content\/uploads\/2020\/01\/DSC_0089-300x300.jpg 300w, https:\/\/ma-weddingstudio.pl\/wp-content\/uploads\/2020\/01\/DSC_0089-1024x1024.jpg 1024w\" sizes=\"(max-width: 768px) 100vw, 768px\" \/>\t\t\t\t\t\t\t\t<\/a>\n\t\t\t\t\t\t\t\t\t\t\t<\/div>\n\t\t\t\t<\/div>\n\t\t\t\t<\/div>\n\t\t\t\t<div class=\"elementor-element elementor-element-43faa68 elementor-widget elementor-widget-heading\" data-id=\"43faa68\" data-element_type=\"widget\" data-widget_type=\"heading.default\">\n\t\t\t\t<div class=\"elementor-widget-container\">\n\t\t\t<h2 class=\"elementor-heading-title elementor-size-default\">Ania &amp; Konrad<\/h2>\t\t<\/div>\n\t\t\t\t<\/div>\n\t\t\t\t<div class=\"elementor-element elementor-element-bffc91f elementor-widget elementor-widget-heading\" data-id=\"bffc91f\" data-element_type=\"widget\" data-widget_type=\"heading.default\">\n\t\t\t\t<div class=\"elementor-widget-container\">\n\t\t\t<h6 class=\"elementor-heading-title elementor-size-default\"><h2 class=\"elementor-heading-title elementor-size-default elementor-inline-editing pen\" data-elementor-setting-key=\"title\" data-pen-placeholder=\"Pisz tutaj...\" style=\"letter-spacing: normal; text-align: center;\">Urokliwy plener na wzg\u00f3rzu<br><\/h2><\/h6>\t\t<\/div>\n\t\t\t\t<\/div>\n\t\t\t\t<div class=\"elementor-element elementor-element-51d9dd5 elementor-widget elementor-widget-text-editor\" data-id=\"51d9dd5\" data-element_type=\"widget\" data-widget_type=\"text-editor.default\">\n\t\t\t\t<div class=\"elementor-widget-container\">\n\t\t\t\t\t<div class=\"elementor-text-editor elementor-clearfix\"><p>Ania i Konrad to niezwyk\u0142a para, z pe\u0142n\u0105 doz\u0105 pomys\u0142\u00f3w i niesamowit\u0105 swobod\u0105 w wyra\u017caniu uczu\u0107! Wsp\u00f3\u0142praca z nimi by\u0142a czyst\u0105 przyjemno\u015bci\u0105. Emocje same malowa\u0142y si\u0119 na zdj\u0119ciach! Rustykalny klimat dope\u0142ni\u0142o nam ko\u0142o z \u017cywych kwiat\u00f3w stworzone&#8230;<\/p><\/div>\n\t\t\t\t<\/div>\n\t\t\t\t<\/div>\n\t\t\t\t<div class=\"elementor-element elementor-element-866616d elementor-button-danger elementor-align-center elementor-widget elementor-widget-button\" data-id=\"866616d\" data-element_type=\"widget\" data-widget_type=\"button.default\">\n\t\t\t\t<div class=\"elementor-widget-container\">\n\t\t\t\t\t<div class=\"elementor-button-wrapper\">\n\t\t\t<a href=\"https:\/\/ma-weddingstudio.pl\/index.php\/ania-konrad\/\" class=\"elementor-button-link elementor-button elementor-size-md\" role=\"button\">\n\t\t\t\t\t\t<span class=\"elementor-button-content-wrapper\">\n\t\t\t\t\t\t<span class=\"elementor-button-text\">Zobacz wi\u0119cej<\/span>\n\t\t<\/span>\n\t\t\t\t\t<\/a>\n\t\t<\/div>\n\t\t\t\t<\/div>\n\t\t\t\t<\/div>\n\t\t\t\t<div class=\"elementor-element elementor-element-f89d782 elementor-widget-divider--view-line elementor-widget elementor-widget-divider\" data-id=\"f89d782\" data-element_type=\"widget\" data-widget_type=\"divider.default\">\n\t\t\t\t<div class=\"elementor-widget-container\">\n\t\t\t\t\t<div class=\"elementor-divider\">\n\t\t\t<span class=\"elementor-divider-separator\">\n\t\t\t\t\t\t<\/span>\n\t\t<\/div>\n\t\t\t\t<\/div>\n\t\t\t\t<\/div>\n\t\t\t\t\t\t<\/div>\n\t\t\t\t\t<\/div>\n\t\t<\/div>\n\t\t\t\t<div class=\"elementor-column elementor-col-33 elementor-top-column elementor-element elementor-element-c249531\" data-id=\"c249531\" data-element_type=\"column\">\n\t\t\t<div class=\"elementor-column-wrap elementor-element-populated\">\n\t\t\t\t\t\t\t<div class=\"elementor-widget-wrap\">\n\t\t\t\t\t\t<div class=\"elementor-element elementor-element-57275de elementor-widget elementor-widget-image\" data-id=\"57275de\" data-element_type=\"widget\" data-widget_type=\"image.default\">\n\t\t\t\t<div class=\"elementor-widget-container\">\n\t\t\t\t\t<div class=\"elementor-image\">\n\t\t\t\t\t\t\t\t\t\t\t<a href=\"https:\/\/ma-weddingstudio.pl\/index.php\/ola-kuba\">\n\t\t\t\t\t\t\t<img decoding=\"async\" width=\"768\" height=\"768\" src=\"https:\/\/ma-weddingstudio.pl\/wp-content\/uploads\/2022\/01\/OK-10.07.2021-483-of-741-107-768x768.jpg\" class=\"elementor-animation-grow attachment-medium_large size-medium_large\" alt=\"\" srcset=\"https:\/\/ma-weddingstudio.pl\/wp-content\/uploads\/2022\/01\/OK-10.07.2021-483-of-741-107-768x768.jpg 768w, https:\/\/ma-weddingstudio.pl\/wp-content\/uploads\/2022\/01\/OK-10.07.2021-483-of-741-107-300x300.jpg 300w, https:\/\/ma-weddingstudio.pl\/wp-content\/uploads\/2022\/01\/OK-10.07.2021-483-of-741-107-150x150.jpg 150w\" sizes=\"(max-width: 768px) 100vw, 768px\" \/>\t\t\t\t\t\t\t\t<\/a>\n\t\t\t\t\t\t\t\t\t\t\t<\/div>\n\t\t\t\t<\/div>\n\t\t\t\t<\/div>\n\t\t\t\t<div class=\"elementor-element elementor-element-f7fac4c elementor-widget elementor-widget-heading\" data-id=\"f7fac4c\" data-element_type=\"widget\" data-widget_type=\"heading.default\">\n\t\t\t\t<div class=\"elementor-widget-container\">\n\t\t\t<h2 class=\"elementor-heading-title elementor-size-default\">Ola & Kuba<\/h2>\t\t<\/div>\n\t\t\t\t<\/div>\n\t\t\t\t<div class=\"elementor-element elementor-element-1c435d7 elementor-widget elementor-widget-heading\" data-id=\"1c435d7\" data-element_type=\"widget\" data-widget_type=\"heading.default\">\n\t\t\t\t<div class=\"elementor-widget-container\">\n\t\t\t<h6 class=\"elementor-heading-title elementor-size-default\">Lipcowe wspomnienia z Krosna<\/h6>\t\t<\/div>\n\t\t\t\t<\/div>\n\t\t\t\t<div class=\"elementor-element elementor-element-bcba4aa elementor-widget elementor-widget-text-editor\" data-id=\"bcba4aa\" data-element_type=\"widget\" data-widget_type=\"text-editor.default\">\n\t\t\t\t<div class=\"elementor-widget-container\">\n\t\t\t\t\t<div class=\"elementor-text-editor elementor-clearfix\"><p>Gor\u0105cy i s\u0142oneczny lipiec by\u0142 idealnym czasem na pi\u0119kne powiedzenie sobie &#8222;TAK&#8221;! Przekonali si\u0119 o tym Ola i Kuba, kt\u00f3rzy sw\u00f3j Wielki Dzie\u0144 prze\u017cywali 10 lipca. To energiczna para, o kt\u00f3rej nie da si\u0119 zapomnie\u0107! Podobnie jak my uwielbiaj\u0105 zwierz\u0119ta&#8230;<\/p><\/div>\n\t\t\t\t<\/div>\n\t\t\t\t<\/div>\n\t\t\t\t<div class=\"elementor-element elementor-element-398cdd3 elementor-button-danger elementor-align-center elementor-widget elementor-widget-button\" data-id=\"398cdd3\" data-element_type=\"widget\" data-widget_type=\"button.default\">\n\t\t\t\t<div class=\"elementor-widget-container\">\n\t\t\t\t\t<div class=\"elementor-button-wrapper\">\n\t\t\t<a href=\"https:\/\/ma-weddingstudio.pl\/index.php\/ola-kuba\" class=\"elementor-button-link elementor-button elementor-size-md\" role=\"button\">\n\t\t\t\t\t\t<span class=\"elementor-button-content-wrapper\">\n\t\t\t\t\t\t<span class=\"elementor-button-text\">Zobacz wi\u0119cej<\/span>\n\t\t<\/span>\n\t\t\t\t\t<\/a>\n\t\t<\/div>\n\t\t\t\t<\/div>\n\t\t\t\t<\/div>\n\t\t\t\t<div class=\"elementor-element elementor-element-d18730a elementor-widget-divider--view-line elementor-widget elementor-widget-divider\" data-id=\"d18730a\" data-element_type=\"widget\" data-widget_type=\"divider.default\">\n\t\t\t\t<div class=\"elementor-widget-container\">\n\t\t\t\t\t<div class=\"elementor-divider\">\n\t\t\t<span class=\"elementor-divider-separator\">\n\t\t\t\t\t\t<\/span>\n\t\t<\/div>\n\t\t\t\t<\/div>\n\t\t\t\t<\/div>\n\t\t\t\t\t\t<\/div>\n\t\t\t\t\t<\/div>\n\t\t<\/div>\n\t\t\t\t\t\t\t\t<\/div>\n\t\t\t\t\t<\/div>\n\t\t<\/section>\n\t\t\t\t<section class=\"elementor-section elementor-top-section elementor-element elementor-element-73a3d2a elementor-section-stretched elementor-section-boxed elementor-section-height-default elementor-section-height-default\" data-id=\"73a3d2a\" data-element_type=\"section\" data-settings=\"{&quot;stretch_section&quot;:&quot;section-stretched&quot;}\">\n\t\t\t\t\t\t<div class=\"elementor-container elementor-column-gap-default\">\n\t\t\t\t\t\t\t<div class=\"elementor-row\">\n\t\t\t\t\t<div class=\"elementor-column elementor-col-33 elementor-top-column elementor-element elementor-element-68bd87e\" data-id=\"68bd87e\" data-element_type=\"column\">\n\t\t\t<div class=\"elementor-column-wrap elementor-element-populated\">\n\t\t\t\t\t\t\t<div class=\"elementor-widget-wrap\">\n\t\t\t\t\t\t<div class=\"elementor-element elementor-element-ee99d63 elementor-widget elementor-widget-image\" data-id=\"ee99d63\" data-element_type=\"widget\" data-widget_type=\"image.default\">\n\t\t\t\t<div class=\"elementor-widget-container\">\n\t\t\t\t\t<div class=\"elementor-image\">\n\t\t\t\t\t\t\t\t\t\t\t<a href=\"https:\/\/ma-weddingstudio.pl\/index.php\/dorota-dominik\/\">\n\t\t\t\t\t\t\t<img decoding=\"async\" width=\"768\" height=\"768\" src=\"https:\/\/ma-weddingstudio.pl\/wp-content\/uploads\/2021\/03\/S3505222-768x768.jpg\" class=\"elementor-animation-grow attachment-medium_large size-medium_large\" alt=\"\" srcset=\"https:\/\/ma-weddingstudio.pl\/wp-content\/uploads\/2021\/03\/S3505222-768x768.jpg 768w, https:\/\/ma-weddingstudio.pl\/wp-content\/uploads\/2021\/03\/S3505222-300x300.jpg 300w, https:\/\/ma-weddingstudio.pl\/wp-content\/uploads\/2021\/03\/S3505222-1024x1024.jpg 1024w, https:\/\/ma-weddingstudio.pl\/wp-content\/uploads\/2021\/03\/S3505222-150x150.jpg 150w\" sizes=\"(max-width: 768px) 100vw, 768px\" \/>\t\t\t\t\t\t\t\t<\/a>\n\t\t\t\t\t\t\t\t\t\t\t<\/div>\n\t\t\t\t<\/div>\n\t\t\t\t<\/div>\n\t\t\t\t<div class=\"elementor-element elementor-element-1127672 elementor-widget elementor-widget-heading\" data-id=\"1127672\" data-element_type=\"widget\" data-widget_type=\"heading.default\">\n\t\t\t\t<div class=\"elementor-widget-container\">\n\t\t\t<h2 class=\"elementor-heading-title elementor-size-default\">Dorota & Dominik<\/h2>\t\t<\/div>\n\t\t\t\t<\/div>\n\t\t\t\t<div class=\"elementor-element elementor-element-4fe1bd6 elementor-widget elementor-widget-heading\" data-id=\"4fe1bd6\" data-element_type=\"widget\" data-widget_type=\"heading.default\">\n\t\t\t\t<div class=\"elementor-widget-container\">\n\t\t\t<h6 class=\"elementor-heading-title elementor-size-default\">Pa\u017adziernikowe wesele w Le\u017cajskiej \"Perle\"<\/h6>\t\t<\/div>\n\t\t\t\t<\/div>\n\t\t\t\t<div class=\"elementor-element elementor-element-efc80b6 elementor-widget elementor-widget-text-editor\" data-id=\"efc80b6\" data-element_type=\"widget\" data-widget_type=\"text-editor.default\">\n\t\t\t\t<div class=\"elementor-widget-container\">\n\t\t\t\t\t<div class=\"elementor-text-editor elementor-clearfix\"><p>10 pa\u017adziernika okaza\u0142 si\u0119 by\u0107 idealn\u0105 dat\u0105 dla Doroty i Dominika! Pogoda by\u0142a znakomita, a jesienny klimat nie opuszcza\u0142 nawet na chwil\u0119.<br \/>Dorota zdecydowa\u0142a si\u0119 na zwiewn\u0105 sukni\u0119, a delikatnie upi\u0119te w\u0142osy nada\u0142y&#8230;<\/p><\/div>\n\t\t\t\t<\/div>\n\t\t\t\t<\/div>\n\t\t\t\t<div class=\"elementor-element elementor-element-4e8421d elementor-button-danger elementor-align-center elementor-widget elementor-widget-button\" data-id=\"4e8421d\" data-element_type=\"widget\" data-widget_type=\"button.default\">\n\t\t\t\t<div class=\"elementor-widget-container\">\n\t\t\t\t\t<div class=\"elementor-button-wrapper\">\n\t\t\t<a href=\"https:\/\/ma-weddingstudio.pl\/index.php\/dorota-dominik\/\" class=\"elementor-button-link elementor-button elementor-size-md\" role=\"button\">\n\t\t\t\t\t\t<span class=\"elementor-button-content-wrapper\">\n\t\t\t\t\t\t<span class=\"elementor-button-text\">Zobacz wi\u0119cej<\/span>\n\t\t<\/span>\n\t\t\t\t\t<\/a>\n\t\t<\/div>\n\t\t\t\t<\/div>\n\t\t\t\t<\/div>\n\t\t\t\t<div class=\"elementor-element elementor-element-34d4452 elementor-widget-divider--view-line elementor-widget elementor-widget-divider\" data-id=\"34d4452\" data-element_type=\"widget\" data-widget_type=\"divider.default\">\n\t\t\t\t<div class=\"elementor-widget-container\">\n\t\t\t\t\t<div class=\"elementor-divider\">\n\t\t\t<span class=\"elementor-divider-separator\">\n\t\t\t\t\t\t<\/span>\n\t\t<\/div>\n\t\t\t\t<\/div>\n\t\t\t\t<\/div>\n\t\t\t\t\t\t<\/div>\n\t\t\t\t\t<\/div>\n\t\t<\/div>\n\t\t\t\t<div class=\"elementor-column elementor-col-33 elementor-top-column elementor-element elementor-element-037c725\" data-id=\"037c725\" data-element_type=\"column\">\n\t\t\t<div class=\"elementor-column-wrap elementor-element-populated\">\n\t\t\t\t\t\t\t<div class=\"elementor-widget-wrap\">\n\t\t\t\t\t\t<div class=\"elementor-element elementor-element-892f44d elementor-widget elementor-widget-image\" data-id=\"892f44d\" data-element_type=\"widget\" data-widget_type=\"image.default\">\n\t\t\t\t<div class=\"elementor-widget-container\">\n\t\t\t\t\t<div class=\"elementor-image\">\n\t\t\t\t\t\t\t\t\t\t\t<a href=\"https:\/\/ma-weddingstudio.pl\/index.php\/paulina-michal-plener\/\">\n\t\t\t\t\t\t\t<img decoding=\"async\" width=\"768\" height=\"768\" src=\"https:\/\/ma-weddingstudio.pl\/wp-content\/uploads\/2022\/02\/PM-31.07.2021-681-of-727-768x768.jpg\" class=\"elementor-animation-grow attachment-medium_large size-medium_large\" alt=\"\" srcset=\"https:\/\/ma-weddingstudio.pl\/wp-content\/uploads\/2022\/02\/PM-31.07.2021-681-of-727-768x768.jpg 768w, https:\/\/ma-weddingstudio.pl\/wp-content\/uploads\/2022\/02\/PM-31.07.2021-681-of-727-300x300.jpg 300w, https:\/\/ma-weddingstudio.pl\/wp-content\/uploads\/2022\/02\/PM-31.07.2021-681-of-727-150x150.jpg 150w\" sizes=\"(max-width: 768px) 100vw, 768px\" \/>\t\t\t\t\t\t\t\t<\/a>\n\t\t\t\t\t\t\t\t\t\t\t<\/div>\n\t\t\t\t<\/div>\n\t\t\t\t<\/div>\n\t\t\t\t<div class=\"elementor-element elementor-element-6d8a15c elementor-widget elementor-widget-heading\" data-id=\"6d8a15c\" data-element_type=\"widget\" data-widget_type=\"heading.default\">\n\t\t\t\t<div class=\"elementor-widget-container\">\n\t\t\t<h2 class=\"elementor-heading-title elementor-size-default\">Paulina &amp; Micha\u0142<\/h2>\t\t<\/div>\n\t\t\t\t<\/div>\n\t\t\t\t<div class=\"elementor-element elementor-element-180627f elementor-widget elementor-widget-heading\" data-id=\"180627f\" data-element_type=\"widget\" data-widget_type=\"heading.default\">\n\t\t\t\t<div class=\"elementor-widget-container\">\n\t\t\t<h6 class=\"elementor-heading-title elementor-size-default\">Urokliwy plener na Lubelskim Roztoczu<\/h6>\t\t<\/div>\n\t\t\t\t<\/div>\n\t\t\t\t<div class=\"elementor-element elementor-element-dc90d35 elementor-widget elementor-widget-text-editor\" data-id=\"dc90d35\" data-element_type=\"widget\" data-widget_type=\"text-editor.default\">\n\t\t\t\t<div class=\"elementor-widget-container\">\n\t\t\t\t\t<div class=\"elementor-text-editor elementor-clearfix\"><p>Zawsze z ogromn\u0105 przyjemno\u015bci\u0105 wracamy do naszej rodzinnej Lubelszczyzny! Roztocze to magiczne miejsce, kt\u00f3re wzrusza nas za ka\u017cdym razem \ud83d\ude09 Cieszymy si\u0119, \u017ce razem z Paulin\u0105 i Micha\u0142em zdecydowali\u015bmy si\u0119 na plener w kilku miejscach \u2013 Szumy nad&#8230;<\/p><\/div>\n\t\t\t\t<\/div>\n\t\t\t\t<\/div>\n\t\t\t\t<div class=\"elementor-element elementor-element-f82ae67 elementor-button-danger elementor-align-center elementor-widget elementor-widget-button\" data-id=\"f82ae67\" data-element_type=\"widget\" data-widget_type=\"button.default\">\n\t\t\t\t<div class=\"elementor-widget-container\">\n\t\t\t\t\t<div class=\"elementor-button-wrapper\">\n\t\t\t<a href=\"https:\/\/ma-weddingstudio.pl\/index.php\/paulina-michal-plener\/\" class=\"elementor-button-link elementor-button elementor-size-md\" role=\"button\">\n\t\t\t\t\t\t<span class=\"elementor-button-content-wrapper\">\n\t\t\t\t\t\t<span class=\"elementor-button-text\">Zobacz wi\u0119cej<\/span>\n\t\t<\/span>\n\t\t\t\t\t<\/a>\n\t\t<\/div>\n\t\t\t\t<\/div>\n\t\t\t\t<\/div>\n\t\t\t\t<div class=\"elementor-element elementor-element-6958829 elementor-widget-divider--view-line elementor-widget elementor-widget-divider\" data-id=\"6958829\" data-element_type=\"widget\" data-widget_type=\"divider.default\">\n\t\t\t\t<div class=\"elementor-widget-container\">\n\t\t\t\t\t<div class=\"elementor-divider\">\n\t\t\t<span class=\"elementor-divider-separator\">\n\t\t\t\t\t\t<\/span>\n\t\t<\/div>\n\t\t\t\t<\/div>\n\t\t\t\t<\/div>\n\t\t\t\t\t\t<\/div>\n\t\t\t\t\t<\/div>\n\t\t<\/div>\n\t\t\t\t<div class=\"elementor-column elementor-col-33 elementor-top-column elementor-element elementor-element-197f791\" data-id=\"197f791\" data-element_type=\"column\">\n\t\t\t<div class=\"elementor-column-wrap elementor-element-populated\">\n\t\t\t\t\t\t\t<div class=\"elementor-widget-wrap\">\n\t\t\t\t\t\t<div class=\"elementor-element elementor-element-a315bba elementor-widget elementor-widget-image\" data-id=\"a315bba\" data-element_type=\"widget\" data-widget_type=\"image.default\">\n\t\t\t\t<div class=\"elementor-widget-container\">\n\t\t\t\t\t<div class=\"elementor-image\">\n\t\t\t\t\t\t\t\t\t\t\t<a href=\"https:\/\/ma-weddingstudio.pl\/index.php\/paulina-michal\/\">\n\t\t\t\t\t\t\t<img decoding=\"async\" width=\"768\" height=\"768\" src=\"https:\/\/ma-weddingstudio.pl\/wp-content\/uploads\/2022\/02\/PM-31.07.2021-418-of-727-768x768.jpg\" class=\"elementor-animation-grow attachment-medium_large size-medium_large\" alt=\"\" srcset=\"https:\/\/ma-weddingstudio.pl\/wp-content\/uploads\/2022\/02\/PM-31.07.2021-418-of-727-768x768.jpg 768w, https:\/\/ma-weddingstudio.pl\/wp-content\/uploads\/2022\/02\/PM-31.07.2021-418-of-727-300x300.jpg 300w, https:\/\/ma-weddingstudio.pl\/wp-content\/uploads\/2022\/02\/PM-31.07.2021-418-of-727-150x150.jpg 150w\" sizes=\"(max-width: 768px) 100vw, 768px\" \/>\t\t\t\t\t\t\t\t<\/a>\n\t\t\t\t\t\t\t\t\t\t\t<\/div>\n\t\t\t\t<\/div>\n\t\t\t\t<\/div>\n\t\t\t\t<div class=\"elementor-element elementor-element-1f9baf4 elementor-widget elementor-widget-heading\" data-id=\"1f9baf4\" data-element_type=\"widget\" data-widget_type=\"heading.default\">\n\t\t\t\t<div class=\"elementor-widget-container\">\n\t\t\t<h2 class=\"elementor-heading-title elementor-size-default\">Paulina & Micha\u0142<\/h2>\t\t<\/div>\n\t\t\t\t<\/div>\n\t\t\t\t<div class=\"elementor-element elementor-element-da3e9cc elementor-widget elementor-widget-heading\" data-id=\"da3e9cc\" data-element_type=\"widget\" data-widget_type=\"heading.default\">\n\t\t\t\t<div class=\"elementor-widget-container\">\n\t\t\t<h6 class=\"elementor-heading-title elementor-size-default\">Weselne szale\u0144stwo w Hotelu Antoni<\/h6>\t\t<\/div>\n\t\t\t\t<\/div>\n\t\t\t\t<div class=\"elementor-element elementor-element-aca37cd elementor-widget elementor-widget-text-editor\" data-id=\"aca37cd\" data-element_type=\"widget\" data-widget_type=\"text-editor.default\">\n\t\t\t\t<div class=\"elementor-widget-container\">\n\t\t\t\t\t<div class=\"elementor-text-editor elementor-clearfix\"><p>Bardzo przyjemnie wspominamy wesele Pauliny i Micha\u0142a! I ogromnie cieszymy si\u0119, \u017ce mogli\u015bmy by\u0107 razem z Wami! 31 lipca to data, kt\u00f3rej z pewno\u015bci\u0105 nie zapomn\u0105 \ud83d\ude09 Cho\u0107 pogoda p\u0142ata\u0142a nam figle, nie poddawali\u015bmy si\u0119 i uda\u0142o si\u0119 zrobi\u0107 szybki plener&#8230;<\/p><\/div>\n\t\t\t\t<\/div>\n\t\t\t\t<\/div>\n\t\t\t\t<div class=\"elementor-element elementor-element-bbbdd19 elementor-button-danger elementor-align-center elementor-widget elementor-widget-button\" data-id=\"bbbdd19\" data-element_type=\"widget\" data-widget_type=\"button.default\">\n\t\t\t\t<div class=\"elementor-widget-container\">\n\t\t\t\t\t<div class=\"elementor-button-wrapper\">\n\t\t\t<a href=\"https:\/\/ma-weddingstudio.pl\/index.php\/paulina-michal\/\" class=\"elementor-button-link elementor-button elementor-size-md\" role=\"button\">\n\t\t\t\t\t\t<span class=\"elementor-button-content-wrapper\">\n\t\t\t\t\t\t<span class=\"elementor-button-text\">Zobacz wi\u0119cej<\/span>\n\t\t<\/span>\n\t\t\t\t\t<\/a>\n\t\t<\/div>\n\t\t\t\t<\/div>\n\t\t\t\t<\/div>\n\t\t\t\t<div class=\"elementor-element elementor-element-ec6b41f elementor-widget-divider--view-line elementor-widget elementor-widget-divider\" data-id=\"ec6b41f\" data-element_type=\"widget\" data-widget_type=\"divider.default\">\n\t\t\t\t<div class=\"elementor-widget-container\">\n\t\t\t\t\t<div class=\"elementor-divider\">\n\t\t\t<span class=\"elementor-divider-separator\">\n\t\t\t\t\t\t<\/span>\n\t\t<\/div>\n\t\t\t\t<\/div>\n\t\t\t\t<\/div>\n\t\t\t\t\t\t<\/div>\n\t\t\t\t\t<\/div>\n\t\t<\/div>\n\t\t\t\t\t\t\t\t<\/div>\n\t\t\t\t\t<\/div>\n\t\t<\/section>\n\t\t\t\t<section class=\"elementor-section elementor-top-section elementor-element elementor-element-31177b9 elementor-section-stretched elementor-section-boxed elementor-section-height-default elementor-section-height-default\" data-id=\"31177b9\" data-element_type=\"section\" data-settings=\"{&quot;stretch_section&quot;:&quot;section-stretched&quot;}\">\n\t\t\t\t\t\t<div class=\"elementor-container elementor-column-gap-default\">\n\t\t\t\t\t\t\t<div class=\"elementor-row\">\n\t\t\t\t\t<div class=\"elementor-column elementor-col-33 elementor-top-column elementor-element elementor-element-ecfd381\" data-id=\"ecfd381\" data-element_type=\"column\">\n\t\t\t<div class=\"elementor-column-wrap elementor-element-populated\">\n\t\t\t\t\t\t\t<div class=\"elementor-widget-wrap\">\n\t\t\t\t\t\t<div class=\"elementor-element elementor-element-2239a9f elementor-widget elementor-widget-image\" data-id=\"2239a9f\" data-element_type=\"widget\" data-widget_type=\"image.default\">\n\t\t\t\t<div class=\"elementor-widget-container\">\n\t\t\t\t\t<div class=\"elementor-image\">\n\t\t\t\t\t\t\t\t\t\t\t<a href=\"https:\/\/ma-weddingstudio.pl\/index.php\/jowita-andrzej-plener\/\">\n\t\t\t\t\t\t\t<img decoding=\"async\" width=\"768\" height=\"768\" src=\"https:\/\/ma-weddingstudio.pl\/wp-content\/uploads\/2020\/11\/20200812-S3504316-768x768.jpg\" class=\"elementor-animation-grow attachment-medium_large size-medium_large\" alt=\"\" srcset=\"https:\/\/ma-weddingstudio.pl\/wp-content\/uploads\/2020\/11\/20200812-S3504316-768x768.jpg 768w, https:\/\/ma-weddingstudio.pl\/wp-content\/uploads\/2020\/11\/20200812-S3504316-150x150.jpg 150w, https:\/\/ma-weddingstudio.pl\/wp-content\/uploads\/2020\/11\/20200812-S3504316-300x300.jpg 300w\" sizes=\"(max-width: 768px) 100vw, 768px\" \/>\t\t\t\t\t\t\t\t<\/a>\n\t\t\t\t\t\t\t\t\t\t\t<\/div>\n\t\t\t\t<\/div>\n\t\t\t\t<\/div>\n\t\t\t\t<div class=\"elementor-element elementor-element-1d1307a elementor-widget elementor-widget-heading\" data-id=\"1d1307a\" data-element_type=\"widget\" data-widget_type=\"heading.default\">\n\t\t\t\t<div class=\"elementor-widget-container\">\n\t\t\t<h2 class=\"elementor-heading-title elementor-size-default\">Jowita & Andrzej<\/h2>\t\t<\/div>\n\t\t\t\t<\/div>\n\t\t\t\t<div class=\"elementor-element elementor-element-2d7f562 elementor-widget elementor-widget-heading\" data-id=\"2d7f562\" data-element_type=\"widget\" data-widget_type=\"heading.default\">\n\t\t\t\t<div class=\"elementor-widget-container\">\n\t\t\t<h6 class=\"elementor-heading-title elementor-size-default\"><h2 class=\"elementor-heading-title elementor-size-default elementor-inline-editing pen\" data-elementor-setting-key=\"title\" data-pen-placeholder=\"Pisz tutaj...\" style=\"letter-spacing: normal; text-align: center;\">Klimatyczny plener w lubelskiej cerkwi\n<\/h2><\/h6>\t\t<\/div>\n\t\t\t\t<\/div>\n\t\t\t\t<div class=\"elementor-element elementor-element-25e1da2 elementor-widget elementor-widget-text-editor\" data-id=\"25e1da2\" data-element_type=\"widget\" data-widget_type=\"text-editor.default\">\n\t\t\t\t<div class=\"elementor-widget-container\">\n\t\t\t\t\t<div class=\"elementor-text-editor elementor-clearfix\"><p>Lubelszczyzna, z kt\u00f3rej pochodzimy ju\u017c zawsze b\u0119dzie niezwykle bliska naszym sercom. To prawdziwa skarbnica natury i niesamowitych miejsc. Bardzo ucieszyli\u015bmy si\u0119, kiedy Jowita i Andrzej na sw\u00f3j plener wybrali zabytkow\u0105 cerkiew w Kniaziach. Prawdziwa&#8230;<\/p><\/div>\n\t\t\t\t<\/div>\n\t\t\t\t<\/div>\n\t\t\t\t<div class=\"elementor-element elementor-element-8293951 elementor-button-danger elementor-align-center elementor-widget elementor-widget-button\" data-id=\"8293951\" data-element_type=\"widget\" data-widget_type=\"button.default\">\n\t\t\t\t<div class=\"elementor-widget-container\">\n\t\t\t\t\t<div class=\"elementor-button-wrapper\">\n\t\t\t<a href=\"https:\/\/ma-weddingstudio.pl\/index.php\/jowita-andrzej-plener\/\" class=\"elementor-button-link elementor-button elementor-size-md\" role=\"button\">\n\t\t\t\t\t\t<span class=\"elementor-button-content-wrapper\">\n\t\t\t\t\t\t<span class=\"elementor-button-text\">Zobacz wi\u0119cej<\/span>\n\t\t<\/span>\n\t\t\t\t\t<\/a>\n\t\t<\/div>\n\t\t\t\t<\/div>\n\t\t\t\t<\/div>\n\t\t\t\t<div class=\"elementor-element elementor-element-146a496 elementor-widget-divider--view-line elementor-widget elementor-widget-divider\" data-id=\"146a496\" data-element_type=\"widget\" data-widget_type=\"divider.default\">\n\t\t\t\t<div class=\"elementor-widget-container\">\n\t\t\t\t\t<div class=\"elementor-divider\">\n\t\t\t<span class=\"elementor-divider-separator\">\n\t\t\t\t\t\t<\/span>\n\t\t<\/div>\n\t\t\t\t<\/div>\n\t\t\t\t<\/div>\n\t\t\t\t\t\t<\/div>\n\t\t\t\t\t<\/div>\n\t\t<\/div>\n\t\t\t\t<div class=\"elementor-column elementor-col-33 elementor-top-column elementor-element elementor-element-1e70755\" data-id=\"1e70755\" data-element_type=\"column\">\n\t\t\t<div class=\"elementor-column-wrap elementor-element-populated\">\n\t\t\t\t\t\t\t<div class=\"elementor-widget-wrap\">\n\t\t\t\t\t\t<div class=\"elementor-element elementor-element-52978fc elementor-widget elementor-widget-image\" data-id=\"52978fc\" data-element_type=\"widget\" data-widget_type=\"image.default\">\n\t\t\t\t<div class=\"elementor-widget-container\">\n\t\t\t\t\t<div class=\"elementor-image\">\n\t\t\t\t\t\t\t\t\t\t\t<a href=\"https:\/\/ma-weddingstudio.pl\/index.php\/jowita-i-andrzej\/\">\n\t\t\t\t\t\t\t<img decoding=\"async\" width=\"768\" height=\"768\" src=\"https:\/\/ma-weddingstudio.pl\/wp-content\/uploads\/2020\/10\/S3503298-768x768.jpg\" class=\"elementor-animation-grow attachment-medium_large size-medium_large\" alt=\"\" srcset=\"https:\/\/ma-weddingstudio.pl\/wp-content\/uploads\/2020\/10\/S3503298-768x768.jpg 768w, https:\/\/ma-weddingstudio.pl\/wp-content\/uploads\/2020\/10\/S3503298-150x150.jpg 150w, https:\/\/ma-weddingstudio.pl\/wp-content\/uploads\/2020\/10\/S3503298-300x300.jpg 300w\" sizes=\"(max-width: 768px) 100vw, 768px\" \/>\t\t\t\t\t\t\t\t<\/a>\n\t\t\t\t\t\t\t\t\t\t\t<\/div>\n\t\t\t\t<\/div>\n\t\t\t\t<\/div>\n\t\t\t\t<div class=\"elementor-element elementor-element-888ae38 elementor-widget elementor-widget-heading\" data-id=\"888ae38\" data-element_type=\"widget\" data-widget_type=\"heading.default\">\n\t\t\t\t<div class=\"elementor-widget-container\">\n\t\t\t<h2 class=\"elementor-heading-title elementor-size-default\">Jowita & Andrzej<\/h2>\t\t<\/div>\n\t\t\t\t<\/div>\n\t\t\t\t<div class=\"elementor-element elementor-element-9e25c68 elementor-widget elementor-widget-heading\" data-id=\"9e25c68\" data-element_type=\"widget\" data-widget_type=\"heading.default\">\n\t\t\t\t<div class=\"elementor-widget-container\">\n\t\t\t<h6 class=\"elementor-heading-title elementor-size-default\">Sierpniowe S\u0142o\u0144ce w Wapowcach<\/h6>\t\t<\/div>\n\t\t\t\t<\/div>\n\t\t\t\t<div class=\"elementor-element elementor-element-8ee5a7d elementor-widget elementor-widget-text-editor\" data-id=\"8ee5a7d\" data-element_type=\"widget\" data-widget_type=\"text-editor.default\">\n\t\t\t\t<div class=\"elementor-widget-container\">\n\t\t\t\t\t<div class=\"elementor-text-editor elementor-clearfix\"><p>W te wakacje z pewno\u015bci\u0105 nie mogli\u015bmy narzeka\u0107 na brak s\u0142o\u0144ca. W po\u0142\u0105czeniu z lekkim wiaterkiem daje nam idealn\u0105 pogod\u0119! Takie szcz\u0119\u015bcie mieli w\u0142a\u015bnie Jowita i Andrzej, kt\u00f3rzy na dat\u0119 swojego \u015blubu wybrali 8 sierpnia. Pan M\u0142ody od samego pocz\u0105tku by\u0142&#8230;<\/p><\/div>\n\t\t\t\t<\/div>\n\t\t\t\t<\/div>\n\t\t\t\t<div class=\"elementor-element elementor-element-5466c1a elementor-button-danger elementor-align-center elementor-widget elementor-widget-button\" data-id=\"5466c1a\" data-element_type=\"widget\" data-widget_type=\"button.default\">\n\t\t\t\t<div class=\"elementor-widget-container\">\n\t\t\t\t\t<div class=\"elementor-button-wrapper\">\n\t\t\t<a href=\"https:\/\/ma-weddingstudio.pl\/index.php\/jowita-i-andrzej\/\" class=\"elementor-button-link elementor-button elementor-size-md\" role=\"button\">\n\t\t\t\t\t\t<span class=\"elementor-button-content-wrapper\">\n\t\t\t\t\t\t<span class=\"elementor-button-text\">Zobacz wi\u0119cej<\/span>\n\t\t<\/span>\n\t\t\t\t\t<\/a>\n\t\t<\/div>\n\t\t\t\t<\/div>\n\t\t\t\t<\/div>\n\t\t\t\t<div class=\"elementor-element elementor-element-a067334 elementor-widget-divider--view-line elementor-widget elementor-widget-divider\" data-id=\"a067334\" data-element_type=\"widget\" data-widget_type=\"divider.default\">\n\t\t\t\t<div class=\"elementor-widget-container\">\n\t\t\t\t\t<div class=\"elementor-divider\">\n\t\t\t<span class=\"elementor-divider-separator\">\n\t\t\t\t\t\t<\/span>\n\t\t<\/div>\n\t\t\t\t<\/div>\n\t\t\t\t<\/div>\n\t\t\t\t\t\t<\/div>\n\t\t\t\t\t<\/div>\n\t\t<\/div>\n\t\t\t\t<div class=\"elementor-column elementor-col-33 elementor-top-column elementor-element elementor-element-9b70f78\" data-id=\"9b70f78\" data-element_type=\"column\">\n\t\t\t<div class=\"elementor-column-wrap elementor-element-populated\">\n\t\t\t\t\t\t\t<div class=\"elementor-widget-wrap\">\n\t\t\t\t\t\t<div class=\"elementor-element elementor-element-f72f61e elementor-widget-divider--view-line elementor-widget elementor-widget-divider\" data-id=\"f72f61e\" data-element_type=\"widget\" data-widget_type=\"divider.default\">\n\t\t\t\t<div class=\"elementor-widget-container\">\n\t\t\t\t\t<div class=\"elementor-divider\">\n\t\t\t<span class=\"elementor-divider-separator\">\n\t\t\t\t\t\t<\/span>\n\t\t<\/div>\n\t\t\t\t<\/div>\n\t\t\t\t<\/div>\n\t\t\t\t\t\t<\/div>\n\t\t\t\t\t<\/div>\n\t\t<\/div>\n\t\t\t\t\t\t\t\t<\/div>\n\t\t\t\t\t<\/div>\n\t\t<\/section>\n\t\t\t\t<section class=\"elementor-section elementor-top-section elementor-element elementor-element-cbc99f6 elementor-section-stretched elementor-section-boxed elementor-section-height-default elementor-section-height-default\" data-id=\"cbc99f6\" data-element_type=\"section\" data-settings=\"{&quot;stretch_section&quot;:&quot;section-stretched&quot;}\">\n\t\t\t\t\t\t<div class=\"elementor-container elementor-column-gap-default\">\n\t\t\t\t\t\t\t<div class=\"elementor-row\">\n\t\t\t\t\t\t\t\t\t<\/div>\n\t\t\t\t\t<\/div>\n\t\t<\/section>\n\t\t\t\t\t\t<\/div>\n\t\t\t\t\t\t<\/div>\n\t\t\t\t\t<\/div>\n\t\t","protected":false},"excerpt":{"rendered":"<p>Blog Agnieszka &#038; Wies\u0142aw G\u00f3rski plener na Po\u0142oninie Wetli\u0144skiej Agnieszka i Wiesiek podobnie jak my uwielbiaj\u0105 G\u00f3ry! Dlatego wsp\u00f3lnie zdecydowali\u015bmy, \u017ce najlepszym miejscem na plener b\u0119dzie Po\u0142onina Wetli\u0144ska. Trzeba przyzna\u0107, \u017ce jesienna aura nie opuszcza\u0142a nas nawet na chwil\u0119, ale pomimo silnego wiatru nasi&#8230; Zobacz wi\u0119cej Agnieszka &#038; Wies\u0142aw pe\u0142ne wra\u017ce\u0144 wesele w jesiennej scenerii [&hellip;]<\/p>\n","protected":false},"author":1,"featured_media":0,"parent":0,"menu_order":0,"comment_status":"closed","ping_status":"closed","template":"","meta":{"footnotes":""},"class_list":["post-239","page","type-page","status-publish","hentry"],"yoast_head":"<!-- This site is optimized with the Yoast SEO plugin v24.0 - https:\/\/yoast.com\/wordpress\/plugins\/seo\/ -->\n<title>M&amp;A Wedding Studio | Uchwycamy pi\u0119kno chwil! Fotografia \u015blubna i film \u015blubny Rzesz\u00f3w<\/title>\n<meta name=\"description\" content=\"M&amp;A Wedding Studio to duet, kt\u00f3rego pasj\u0105 jest fotografia \u015blubna oraz film \u015blubny. Zobaczcie jak tworzymy z pasj\u0105 nasze zdj\u0119cia i filmy z Waszego wesela!\" \/>\n<meta name=\"robots\" content=\"index, follow, max-snippet:-1, max-image-preview:large, max-video-preview:-1\" \/>\n<link rel=\"canonical\" href=\"https:\/\/ma-weddingstudio.pl\/index.php\/blog\/\" \/>\n<meta property=\"og:locale\" content=\"pl_PL\" \/>\n<meta property=\"og:type\" content=\"article\" \/>\n<meta property=\"og:title\" content=\"M&amp;A Wedding Studio | Uchwycamy pi\u0119kno chwil! Fotografia \u015blubna i film \u015blubny Rzesz\u00f3w\" \/>\n<meta property=\"og:description\" content=\"M&amp;A Wedding Studio to duet, kt\u00f3rego pasj\u0105 jest fotografia \u015blubna oraz film \u015blubny. Zobaczcie jak tworzymy z pasj\u0105 nasze zdj\u0119cia i filmy z Waszego wesela!\" \/>\n<meta property=\"og:url\" content=\"https:\/\/ma-weddingstudio.pl\/index.php\/blog\/\" \/>\n<meta property=\"og:site_name\" content=\"M&amp;A Wedding || Fotografia \u015blubna i film.\" \/>\n<meta property=\"article:publisher\" content=\"https:\/\/www.facebook.com\/ma.wedding.studio\" \/>\n<meta property=\"article:modified_time\" content=\"2023-09-01T18:55:08+00:00\" \/>\n<meta property=\"og:image\" content=\"http:\/\/ma-weddingstudio.pl\/wp-content\/uploads\/2020\/12\/S3508387-768x768.jpg\" \/>\n<meta name=\"twitter:card\" content=\"summary_large_image\" \/>\n<meta name=\"twitter:label1\" content=\"Szacowany czas czytania\" \/>\n\t<meta name=\"twitter:data1\" content=\"13 minut\" \/>\n<script type=\"application\/ld+json\" class=\"yoast-schema-graph\">{\"@context\":\"https:\/\/schema.org\",\"@graph\":[{\"@type\":\"WebPage\",\"@id\":\"https:\/\/ma-weddingstudio.pl\/index.php\/blog\/\",\"url\":\"https:\/\/ma-weddingstudio.pl\/index.php\/blog\/\",\"name\":\"M&A Wedding Studio | Uchwycamy pi\u0119kno chwil! Fotografia \u015blubna i film \u015blubny Rzesz\u00f3w\",\"isPartOf\":{\"@id\":\"https:\/\/ma-weddingstudio.pl\/#website\"},\"primaryImageOfPage\":{\"@id\":\"https:\/\/ma-weddingstudio.pl\/index.php\/blog\/#primaryimage\"},\"image\":{\"@id\":\"https:\/\/ma-weddingstudio.pl\/index.php\/blog\/#primaryimage\"},\"thumbnailUrl\":\"http:\/\/ma-weddingstudio.pl\/wp-content\/uploads\/2020\/12\/S3508387-768x768.jpg\",\"datePublished\":\"2019-12-03T12:11:52+00:00\",\"dateModified\":\"2023-09-01T18:55:08+00:00\",\"description\":\"M&A Wedding Studio to duet, kt\u00f3rego pasj\u0105 jest fotografia \u015blubna oraz film \u015blubny. Zobaczcie jak tworzymy z pasj\u0105 nasze zdj\u0119cia i filmy z Waszego wesela!\",\"breadcrumb\":{\"@id\":\"https:\/\/ma-weddingstudio.pl\/index.php\/blog\/#breadcrumb\"},\"inLanguage\":\"pl-PL\",\"potentialAction\":[{\"@type\":\"ReadAction\",\"target\":[\"https:\/\/ma-weddingstudio.pl\/index.php\/blog\/\"]}]},{\"@type\":\"ImageObject\",\"inLanguage\":\"pl-PL\",\"@id\":\"https:\/\/ma-weddingstudio.pl\/index.php\/blog\/#primaryimage\",\"url\":\"https:\/\/ma-weddingstudio.pl\/wp-content\/uploads\/2020\/12\/S3508387.jpg\",\"contentUrl\":\"https:\/\/ma-weddingstudio.pl\/wp-content\/uploads\/2020\/12\/S3508387.jpg\",\"width\":2400,\"height\":1600},{\"@type\":\"BreadcrumbList\",\"@id\":\"https:\/\/ma-weddingstudio.pl\/index.php\/blog\/#breadcrumb\",\"itemListElement\":[{\"@type\":\"ListItem\",\"position\":1,\"name\":\"Strona g\u0142\u00f3wna\",\"item\":\"https:\/\/ma-weddingstudio.pl\/\"},{\"@type\":\"ListItem\",\"position\":2,\"name\":\"Blog\"}]},{\"@type\":\"WebSite\",\"@id\":\"https:\/\/ma-weddingstudio.pl\/#website\",\"url\":\"https:\/\/ma-weddingstudio.pl\/\",\"name\":\"M&amp;A Wedding || Fotografia \u015blubna i film.\",\"description\":\"Uchwycamy pi\u0119kno chwil! Fotografia \u015blubna i film.\",\"publisher\":{\"@id\":\"https:\/\/ma-weddingstudio.pl\/#organization\"},\"potentialAction\":[{\"@type\":\"SearchAction\",\"target\":{\"@type\":\"EntryPoint\",\"urlTemplate\":\"https:\/\/ma-weddingstudio.pl\/?s={search_term_string}\"},\"query-input\":{\"@type\":\"PropertyValueSpecification\",\"valueRequired\":true,\"valueName\":\"search_term_string\"}}],\"inLanguage\":\"pl-PL\"},{\"@type\":\"Organization\",\"@id\":\"https:\/\/ma-weddingstudio.pl\/#organization\",\"name\":\"M&A Wedding Studio\",\"url\":\"https:\/\/ma-weddingstudio.pl\/\",\"logo\":{\"@type\":\"ImageObject\",\"inLanguage\":\"pl-PL\",\"@id\":\"https:\/\/ma-weddingstudio.pl\/#\/schema\/logo\/image\/\",\"url\":\"https:\/\/ma-weddingstudio.pl\/wp-content\/uploads\/2019\/10\/cropped-logo-nowe.jpg\",\"contentUrl\":\"https:\/\/ma-weddingstudio.pl\/wp-content\/uploads\/2019\/10\/cropped-logo-nowe.jpg\",\"width\":960,\"height\":960,\"caption\":\"M&A Wedding Studio\"},\"image\":{\"@id\":\"https:\/\/ma-weddingstudio.pl\/#\/schema\/logo\/image\/\"},\"sameAs\":[\"https:\/\/www.facebook.com\/ma.wedding.studio\",\"https:\/\/www.instagram.com\/ma_weddingstudio\/\",\"https:\/\/www.youtube.com\/channel\/UCUfTR4wJN7Y-n9uMCVdX_Sg\"]}]}<\/script>\n<!-- \/ Yoast SEO plugin. -->","yoast_head_json":{"title":"M&A Wedding Studio | Uchwycamy pi\u0119kno chwil! Fotografia \u015blubna i film \u015blubny Rzesz\u00f3w","description":"M&A Wedding Studio to duet, kt\u00f3rego pasj\u0105 jest fotografia \u015blubna oraz film \u015blubny. Zobaczcie jak tworzymy z pasj\u0105 nasze zdj\u0119cia i filmy z Waszego wesela!","robots":{"index":"index","follow":"follow","max-snippet":"max-snippet:-1","max-image-preview":"max-image-preview:large","max-video-preview":"max-video-preview:-1"},"canonical":"https:\/\/ma-weddingstudio.pl\/index.php\/blog\/","og_locale":"pl_PL","og_type":"article","og_title":"M&A Wedding Studio | Uchwycamy pi\u0119kno chwil! Fotografia \u015blubna i film \u015blubny Rzesz\u00f3w","og_description":"M&A Wedding Studio to duet, kt\u00f3rego pasj\u0105 jest fotografia \u015blubna oraz film \u015blubny. Zobaczcie jak tworzymy z pasj\u0105 nasze zdj\u0119cia i filmy z Waszego wesela!","og_url":"https:\/\/ma-weddingstudio.pl\/index.php\/blog\/","og_site_name":"M&amp;A Wedding || Fotografia \u015blubna i film.","article_publisher":"https:\/\/www.facebook.com\/ma.wedding.studio","article_modified_time":"2023-09-01T18:55:08+00:00","og_image":[{"url":"http:\/\/ma-weddingstudio.pl\/wp-content\/uploads\/2020\/12\/S3508387-768x768.jpg","type":"","width":"","height":""}],"twitter_card":"summary_large_image","twitter_misc":{"Szacowany czas czytania":"13 minut"},"schema":{"@context":"https:\/\/schema.org","@graph":[{"@type":"WebPage","@id":"https:\/\/ma-weddingstudio.pl\/index.php\/blog\/","url":"https:\/\/ma-weddingstudio.pl\/index.php\/blog\/","name":"M&A Wedding Studio | Uchwycamy pi\u0119kno chwil! Fotografia \u015blubna i film \u015blubny Rzesz\u00f3w","isPartOf":{"@id":"https:\/\/ma-weddingstudio.pl\/#website"},"primaryImageOfPage":{"@id":"https:\/\/ma-weddingstudio.pl\/index.php\/blog\/#primaryimage"},"image":{"@id":"https:\/\/ma-weddingstudio.pl\/index.php\/blog\/#primaryimage"},"thumbnailUrl":"http:\/\/ma-weddingstudio.pl\/wp-content\/uploads\/2020\/12\/S3508387-768x768.jpg","datePublished":"2019-12-03T12:11:52+00:00","dateModified":"2023-09-01T18:55:08+00:00","description":"M&A Wedding Studio to duet, kt\u00f3rego pasj\u0105 jest fotografia \u015blubna oraz film \u015blubny. Zobaczcie jak tworzymy z pasj\u0105 nasze zdj\u0119cia i filmy z Waszego wesela!","breadcrumb":{"@id":"https:\/\/ma-weddingstudio.pl\/index.php\/blog\/#breadcrumb"},"inLanguage":"pl-PL","potentialAction":[{"@type":"ReadAction","target":["https:\/\/ma-weddingstudio.pl\/index.php\/blog\/"]}]},{"@type":"ImageObject","inLanguage":"pl-PL","@id":"https:\/\/ma-weddingstudio.pl\/index.php\/blog\/#primaryimage","url":"https:\/\/ma-weddingstudio.pl\/wp-content\/uploads\/2020\/12\/S3508387.jpg","contentUrl":"https:\/\/ma-weddingstudio.pl\/wp-content\/uploads\/2020\/12\/S3508387.jpg","width":2400,"height":1600},{"@type":"BreadcrumbList","@id":"https:\/\/ma-weddingstudio.pl\/index.php\/blog\/#breadcrumb","itemListElement":[{"@type":"ListItem","position":1,"name":"Strona g\u0142\u00f3wna","item":"https:\/\/ma-weddingstudio.pl\/"},{"@type":"ListItem","position":2,"name":"Blog"}]},{"@type":"WebSite","@id":"https:\/\/ma-weddingstudio.pl\/#website","url":"https:\/\/ma-weddingstudio.pl\/","name":"M&amp;A Wedding || Fotografia \u015blubna i film.","description":"Uchwycamy pi\u0119kno chwil! Fotografia \u015blubna i film.","publisher":{"@id":"https:\/\/ma-weddingstudio.pl\/#organization"},"potentialAction":[{"@type":"SearchAction","target":{"@type":"EntryPoint","urlTemplate":"https:\/\/ma-weddingstudio.pl\/?s={search_term_string}"},"query-input":{"@type":"PropertyValueSpecification","valueRequired":true,"valueName":"search_term_string"}}],"inLanguage":"pl-PL"},{"@type":"Organization","@id":"https:\/\/ma-weddingstudio.pl\/#organization","name":"M&A Wedding Studio","url":"https:\/\/ma-weddingstudio.pl\/","logo":{"@type":"ImageObject","inLanguage":"pl-PL","@id":"https:\/\/ma-weddingstudio.pl\/#\/schema\/logo\/image\/","url":"https:\/\/ma-weddingstudio.pl\/wp-content\/uploads\/2019\/10\/cropped-logo-nowe.jpg","contentUrl":"https:\/\/ma-weddingstudio.pl\/wp-content\/uploads\/2019\/10\/cropped-logo-nowe.jpg","width":960,"height":960,"caption":"M&A Wedding Studio"},"image":{"@id":"https:\/\/ma-weddingstudio.pl\/#\/schema\/logo\/image\/"},"sameAs":["https:\/\/www.facebook.com\/ma.wedding.studio","https:\/\/www.instagram.com\/ma_weddingstudio\/","https:\/\/www.youtube.com\/channel\/UCUfTR4wJN7Y-n9uMCVdX_Sg"]}]}},"_links":{"self":[{"href":"https:\/\/ma-weddingstudio.pl\/index.php\/wp-json\/wp\/v2\/pages\/239","targetHints":{"allow":["GET"]}}],"collection":[{"href":"https:\/\/ma-weddingstudio.pl\/index.php\/wp-json\/wp\/v2\/pages"}],"about":[{"href":"https:\/\/ma-weddingstudio.pl\/index.php\/wp-json\/wp\/v2\/types\/page"}],"author":[{"embeddable":true,"href":"https:\/\/ma-weddingstudio.pl\/index.php\/wp-json\/wp\/v2\/users\/1"}],"replies":[{"embeddable":true,"href":"https:\/\/ma-weddingstudio.pl\/index.php\/wp-json\/wp\/v2\/comments?post=239"}],"version-history":[{"count":117,"href":"https:\/\/ma-weddingstudio.pl\/index.php\/wp-json\/wp\/v2\/pages\/239\/revisions"}],"predecessor-version":[{"id":8061,"href":"https:\/\/ma-weddingstudio.pl\/index.php\/wp-json\/wp\/v2\/pages\/239\/revisions\/8061"}],"wp:attachment":[{"href":"https:\/\/ma-weddingstudio.pl\/index.php\/wp-json\/wp\/v2\/media?parent=239"}],"curies":[{"name":"wp","href":"https:\/\/api.w.org\/{rel}","templated":true}]}}